{"id":7012,"date":"2026-01-20T09:32:20","date_gmt":"2026-01-20T08:32:20","guid":{"rendered":"https:\/\/www.axiom-genetics.com\/?post_type=zoom&#038;p=7012"},"modified":"2026-01-20T09:32:21","modified_gmt":"2026-01-20T08:32:21","slug":"zoom-15-gira-europea-de-resultados-y-testimonios-con-el-jabali-valens","status":"publish","type":"zoom","link":"https:\/\/www.axiom-genetics.com\/es\/zoom\/zoom-15-gira-europea-de-resultados-y-testimonios-con-el-jabali-valens\/","title":{"rendered":"[Zoom 15] Gira europea de resultados y testimonios con el jabal\u00ed Valens"},"content":{"rendered":"\n<div class=\"wp-block-group is-layout-constrained wp-block-group-is-layout-constrained\">\n<h2 class=\"wp-block-heading has-text-color has-link-color wp-elements-9d31810d84c184515d5b8c20ffa66467\" style=\"color:#1a2140\"><strong>Presentaci\u00f3n del Valens<\/strong><\/h2>\n\n\n\n<div style=\"height:20px\" aria-hidden=\"true\" class=\"wp-block-spacer\"><\/div>\n\n\n\n<h3 class=\"wp-block-heading\">Valens, excelencia validada<\/h3>\n\n\n\n<p>Lanzado al mercado en 2020, el verraco Valens, que ahora tiene una cuota de mercado del 10%, est\u00e1 demostrando ser muy popular entre los criadores de Francia, as\u00ed como entre los integradores y criadores de Espa\u00f1a y Holanda.  <\/p>\n\n\n\n<p><strong>Actualmente hay m\u00e1s de 400 jabal\u00edes de Valens en los CAI franc\u00e9s, espa\u00f1ol y holand\u00e9s.<\/strong>  El jabal\u00ed Valens sigue desarroll\u00e1ndose internacionalmente, en particular en Polonia, con la llegada de los primeros jabal\u00edes al AIC de la filial polaca del Grupo.<\/p>\n\n\n\n<div style=\"height:30px\" aria-hidden=\"true\" class=\"wp-block-spacer\"><\/div>\n\n\n\n<div class=\"wp-block-group is-layout-grid wp-container-core-group-is-layout-1bf68da8 wp-block-group-is-layout-grid\">\n<div class=\"wp-block-group is-layout-constrained wp-block-group-is-layout-constrained\">\n<p class=\"has-text-align-center has-text-color has-link-color wp-elements-9b792b5ea57244c011dc750583350c43 wp-container-content-9cfa9a5a\" style=\"color:#a60165;font-size:36px\"><strong>200<\/strong><\/p>\n\n\n\n<p class=\"has-text-align-center wp-container-content-9cfa9a5a\">Jabal\u00edes en la CIA en Francia<\/p>\n<\/div>\n\n\n\n<div class=\"wp-block-group is-layout-constrained wp-block-group-is-layout-constrained\">\n<p class=\"has-text-align-center has-text-color has-link-color has-large-font-size wp-elements-2fdffcf249171a34ce7f9d44248b3a4e wp-container-content-9cfa9a5a\" style=\"color:#a60165\"><strong>130<\/strong><\/p>\n\n\n\n<p class=\"has-text-align-center wp-container-content-9cfa9a5a\">Jabal\u00edes en la CIA en Espa\u00f1a<\/p>\n<\/div>\n\n\n\n<div class=\"wp-block-group is-layout-constrained wp-block-group-is-layout-constrained\">\n<p class=\"has-text-align-center has-text-color has-link-color has-large-font-size wp-elements-0c9f7ad2d7754d180b9435b996bb4ab4 wp-container-content-9cfa9a5a\" style=\"color:#a60165\"><strong>70<\/strong><\/p>\n\n\n\n<p class=\"has-text-align-center wp-container-content-9cfa9a5a\">Jabal\u00edes de la CIA en Holanda<\/p>\n<\/div>\n<\/div>\n\n\n\n<div style=\"height:60px\" aria-hidden=\"true\" class=\"wp-block-spacer\"><\/div>\n\n\n\n<h3 class=\"wp-block-heading\">El verraco NN completo que combina un fuerte crecimiento, un excelente CI y TMP<\/h3>\n\n\n\n<p>100% NN, el Valens es un verraco muy mejorador en t\u00e9rminos de conversi\u00f3n alimenticia, GMQ y calidad de canal, con criterios de calificaci\u00f3n muy precisos.  <\/p>\n\n\n\n<p>Produce cerdos muy homog\u00e9neos, conformes y resistentes, que combinan un alto potencial de crecimiento y eficiencia alimentaria. Todas estas cualidades se combinan para hacer del verraco Valens un producto perfectamente adaptado a las necesidades de los integradores y productores que buscan rentabilidad. <\/p>\n\n\n\n<div style=\"height:50px\" aria-hidden=\"true\" class=\"wp-block-spacer\"><\/div>\n\n\n\n<h3 class=\"wp-block-heading\">Valens, un jabal\u00ed de alto rendimiento<\/h3>\n\n\n\n<div class=\"wp-block-group is-layout-grid wp-container-core-group-is-layout-8c0fce00 wp-block-group-is-layout-grid\">\n<p style=\"border: 1px solid #a60165; color: #a60165; text-align: center;\">100% NN<\/p>\n\n\n\n<p style=\"border: 1px solid #a60165; color: #a60165; text-align: center;\">Crecimiento<\/p>\n\n\n\n<p style=\"border: 1px solid #a60165; color: #a60165; text-align: center;\">Eficiencia alimentaria<\/p>\n\n\n\n<p style=\"border: 1px solid #a60165; color: #a60165; text-align: center;\">Carcasa<\/p>\n\n\n\n<p style=\"border: 1px solid #a60165; color: #a60165; text-align: center;\">Cerdos homog\u00e9neos y conformes<\/p>\n\n\n\n<p style=\"border: 1px solid #a60165; color: #a60165; text-align: center;\">Mercados est\u00e1ndar y de hombres enteros<\/p>\n<\/div>\n\n\n\n<div style=\"height:50px\" aria-hidden=\"true\" class=\"wp-block-spacer\"><\/div>\n\n\n\n<h3 class=\"wp-block-heading\">Cuando eliges Valens, tienes la garant\u00eda :<\/h3>\n\n\n\n<div style=\"height:20px\" aria-hidden=\"true\" class=\"wp-block-spacer\"><\/div>\n\n\n\n<div class=\"wp-block-group is-layout-grid wp-container-core-group-is-layout-9649a0d9 wp-block-group-is-layout-grid\">\n<div class=\"wp-block-group is-vertical is-content-justification-center is-layout-flex wp-container-core-group-is-layout-4b2eccd6 wp-block-group-is-layout-flex\">\n<figure class=\"wp-block-image size-large is-resized\"><img loading=\"lazy\" decoding=\"async\" width=\"60\" height=\"60\" src=\"https:\/\/www.axiom-genetics.com\/wp-content\/uploads\/2025\/07\/Fichier-2510.svg\" alt=\"\" class=\"wp-image-6239\" style=\"aspect-ratio:1;object-fit:contain;width:60px\"\/><\/figure>\n\n\n\n<p class=\"has-text-align-center wp-container-content-9cfa9a5a\"><br\/>Excelente GMQ para el engorde<\/p>\n<\/div>\n\n\n\n<div class=\"wp-block-group is-vertical is-content-justification-center is-layout-flex wp-container-core-group-is-layout-4b2eccd6 wp-block-group-is-layout-flex\">\n<figure class=\"wp-block-image size-large is-resized\"><img loading=\"lazy\" decoding=\"async\" width=\"59\" height=\"59\" src=\"https:\/\/www.axiom-genetics.com\/wp-content\/uploads\/2025\/07\/Fichier-2488.svg\" alt=\"\" class=\"wp-image-6107\" style=\"aspect-ratio:1;object-fit:contain;width:60px\"\/><\/figure>\n\n\n\n<p class=\"has-text-align-center wp-container-content-9cfa9a5a\"><br\/>Cerdos homog\u00e9neos y bien formados<\/p>\n<\/div>\n\n\n\n<div class=\"wp-block-group is-vertical is-content-justification-center is-layout-flex wp-container-core-group-is-layout-4b2eccd6 wp-block-group-is-layout-flex\">\n<figure class=\"wp-block-image size-large is-resized\"><img loading=\"lazy\" decoding=\"async\" width=\"60\" height=\"60\" src=\"https:\/\/www.axiom-genetics.com\/wp-content\/uploads\/2025\/07\/Fichier-2511.svg\" alt=\"\" class=\"wp-image-6245\" style=\"aspect-ratio:1;object-fit:contain;width:60px\"\/><\/figure>\n\n\n\n<p class=\"has-text-align-center wp-container-content-9cfa9a5a\"><br\/>Bajos costes de alimentaci\u00f3n<\/p>\n<\/div>\n\n\n\n<div class=\"wp-block-group is-vertical is-content-justification-center is-layout-flex wp-container-core-group-is-layout-4b2eccd6 wp-block-group-is-layout-flex\">\n<figure class=\"wp-block-image size-large is-resized\"><img loading=\"lazy\" decoding=\"async\" width=\"60\" height=\"60\" src=\"https:\/\/www.axiom-genetics.com\/wp-content\/uploads\/2025\/07\/Fichier-2523.svg\" alt=\"\" class=\"wp-image-6317\" style=\"aspect-ratio:1;object-fit:contain;width:60px\"\/><\/figure>\n\n\n\n<p class=\"has-text-align-center wp-container-content-9cfa9a5a\"><br\/>Rentabilidad garantizada<\/p>\n<\/div>\n<\/div>\n\n\n\n<div style=\"height:50px\" aria-hidden=\"true\" class=\"wp-block-spacer\"><\/div>\n\n\n\n<figure class=\"wp-block-image size-full\"><img loading=\"lazy\" decoding=\"async\" width=\"2000\" height=\"1333\" src=\"https:\/\/www.axiom-genetics.com\/wp-content\/uploads\/2025\/09\/DSCF5259_2_11zon-min-e1758023567884.webp\" alt=\"\" class=\"wp-image-6579\"\/><\/figure>\n\n\n\n<div style=\"height:80px\" aria-hidden=\"true\" class=\"wp-block-spacer\"><\/div>\n<\/div>\n\n<div class=\"wp-block-group is-layout-constrained wp-block-group-is-layout-constrained\">\n<h2 class=\"wp-block-heading has-text-color has-link-color wp-elements-3f064472d2631060303b430bb3c5d938\" style=\"color:#1a2140\"><strong>Entre bastidores de la selecci\u00f3n gen\u00e9tica de Valens<\/strong><\/h2>\n\n\n\n<div style=\"height:20px\" aria-hidden=\"true\" class=\"wp-block-spacer\"><\/div>\n\n\n\n<div class=\"wp-block-group is-content-justification-center is-nowrap is-layout-flex wp-container-core-group-is-layout-94bc23d7 wp-block-group-is-layout-flex\">\n<figure class=\"wp-block-image size-full is-resized\"><img loading=\"lazy\" decoding=\"async\" width=\"1805\" height=\"2885\" src=\"https:\/\/www.axiom-genetics.com\/wp-content\/uploads\/2025\/09\/Guillaume-LENOIR_5_11zon-min.webp\" alt=\"\" class=\"wp-image-6549\" style=\"width:200px\"\/><\/figure>\n<\/div>\n\n\n\n<div style=\"height:40px\" aria-hidden=\"true\" class=\"wp-block-spacer\"><\/div>\n\n\n\n<h3 class=\"wp-block-heading\"><strong>Guillaume Lenoir, Director Gen\u00e9tico, Axiom<\/strong><\/h3>\n\n\n\n<h4 class=\"wp-block-heading\">Una gran cantidad de datos para una selecci\u00f3n de alto rendimiento<\/h4>\n\n\n\n<p>El verraco Valens se beneficia de una selecci\u00f3n precisa, de alto rendimiento e innovadora para IC, crecimiento y canal. Con m\u00e1s de 650 comederos en todo el mundo, controlamos un gran n\u00famero de verracos, lo que nos permite evaluar el potencial gen\u00e9tico en una amplia gama de entornos. Nuestro objetivo es seleccionar los animales con la mejor eficiencia alimentaria, sea cual sea el pienso y el contexto de cr\u00eda.  <\/p>\n\n\n\n<h4 class=\"wp-block-heading\">Un criterio innovador desarrollado por Axiom<\/h4>\n\n\n\n<p>Para lograr este objetivo, seleccionamos en funci\u00f3n de la ganancia media diaria corregida por el consumo medio diario y el crecimiento en el engorde. Este enfoque nos permite identificar a los animales con el mejor \u00edndice de crecimiento y consumo en la fase de engorde. <\/p>\n\n\n\n<h4 class=\"wp-block-heading\">Nuevas innovaciones en la mejora de la eficiencia alimentaria<\/h4>\n\n\n\n<p>En colaboraci\u00f3n con el INRAE y el IFIP, estamos trabajando en la aplicaci\u00f3n de un innovador protocolo de fenotipado de la eficiencia digestiva a escala individual de los cerdos. Este nuevo fenotipo, recogido de forma rutinaria, mejorar\u00e1 en \u00faltima instancia la eficacia de nuestra selecci\u00f3n de IC y proporcionar\u00e1 nueva informaci\u00f3n sobre la capacidad digestiva de los animales para aprovechar al m\u00e1ximo los distintos tipos de alimento. Al mismo tiempo, tambi\u00e9n estamos desarrollando la recogida de biomarcadores sangu\u00edneos para identificar precozmente a los animales con mayor potencial de eficiencia alimentaria. Estas innovaciones nos permitir\u00e1n acelerar el progreso gen\u00e9tico de los verracos Valens en t\u00e9rminos de eficiencia alimentaria y resistencia.   <\/p>\n\n\n\n<h4 class=\"wp-block-heading\">La solidez en el centro de nuestra estrategia de selecci\u00f3n<\/h4>\n\n\n\n<p>AXIOM trabaja tambi\u00e9n en la integraci\u00f3n de criterios de selecci\u00f3n asociados a la robustez, para seleccionar cerdos cada vez m\u00e1s robustos y resistentes. Al mismo tiempo, estamos prestando especial atenci\u00f3n a la vitalidad de los lechones al nacer, un criterio integrado en nuestro objetivo de selecci\u00f3n. <\/p>\n\n\n\n<div style=\"height:50px\" aria-hidden=\"true\" class=\"wp-block-spacer\"><\/div>\n\n\n\n<figure class=\"wp-block-image size-full\"><img loading=\"lazy\" decoding=\"async\" width=\"2000\" height=\"1333\" src=\"https:\/\/www.axiom-genetics.com\/wp-content\/uploads\/2025\/09\/DSCF4770_3_11zon-min-e1758023306499.webp\" alt=\"\" class=\"wp-image-6537\"\/><\/figure>\n\n\n\n<div style=\"height:80px\" aria-hidden=\"true\" class=\"wp-block-spacer\"><\/div>\n<\/div>\n\n<div class=\"wp-block-group is-layout-constrained wp-block-group-is-layout-constrained\">\n<h2 class=\"wp-block-heading has-text-color has-link-color wp-elements-5f067d7fa2e9eb8d555ccd5f7da8bff9\" style=\"color:#1a2140\"><strong>Rendimiento y evoluci\u00f3n<\/strong><\/h2>\n\n\n\n<h3 class=\"wp-block-heading\">\u00bfQu\u00e9 progreso gen\u00e9tico en el crecimiento y la IC para Valens?  <\/h3>\n\n\n\n<p>Las tendencias gen\u00e9ticas ponen de relieve los progresos realizados en los \u00faltimos 4 a\u00f1os en t\u00e9rminos de eficiencia alimentaria (CI) y crecimiento <sub>(GMQCMJ<\/sub>), con una aceleraci\u00f3n en el \u00faltimo a\u00f1o.  <\/p>\n\n\n\n<p>La ganancia gen\u00e9tica de una desviaci\u00f3n t\u00edpica en 4 a\u00f1os para cada uno de los criterios ilustra la ambiciosa y equilibrada estrategia de selecci\u00f3n del Grupo AXIOM para su l\u00ednea Valens.<\/p>\n\n\n\n<div style=\"height:50px\" aria-hidden=\"true\" class=\"wp-block-spacer\"><\/div>\n\n\n\n<figure class=\"wp-block-image size-full\"><img loading=\"lazy\" decoding=\"async\" width=\"840\" height=\"505\" src=\"https:\/\/www.axiom-genetics.com\/wp-content\/uploads\/2025\/09\/Evolution-de-lic-et-du-gmqcmj-sur-4-ans_11zon.webp\" alt=\"Gr&#xE1;fico que muestra los cambios en CI y GMQcmd de Valens a lo largo de 4 a&#xF1;os\" class=\"wp-image-6591\"\/><figcaption class=\"wp-element-caption\">Gr\u00e1fico que muestra los cambios en CI y GMQcmd de Valens a lo largo de 4 a\u00f1os<\/figcaption><\/figure>\n\n\n\n<div style=\"height:60px\" aria-hidden=\"true\" class=\"wp-block-spacer\"><\/div>\n\n\n\n<h3 class=\"wp-block-heading\">Rendimiento en el campo  <\/h3>\n\n\n\n<div style=\"height:20px\" aria-hidden=\"true\" class=\"wp-block-spacer\"><\/div>\n\n\n\n<h4 class=\"wp-block-heading\">C\u00e9ntrate en los 5 verracos m\u00e1s activos actualmente<\/h4>\n\n\n\n<figure class=\"wp-block-table is-style-stripes has-small-font-size\"><table><thead><tr><th>Criterios<\/th><th class=\"has-text-align-center\" data-align=\"center\">Los 5 mejores verracos<\/th><\/tr><\/thead><tbody><tr><td>GMQ (g)<\/td><td class=\"has-text-align-center\" data-align=\"center\">1 230<\/td><\/tr><tr><td>Manteca de cerdo a 100 kg (mm)<\/td><td class=\"has-text-align-center\" data-align=\"center\">5,5<\/td><\/tr><tr><td>M\u00fasculo a 100 kg (mm)<\/td><td class=\"has-text-align-center\" data-align=\"center\">74,6<\/td><\/tr><tr><td>IC<\/td><td class=\"has-text-align-center\" data-align=\"center\">1,96<\/td><\/tr><\/tbody><\/table><figcaption class=\"wp-element-caption\">\u00a1Verracos con alto potencial de crecimiento, \u00edndice de conversi\u00f3n alimenticia, canal y rendimiento!<\/figcaption><\/figure>\n\n\n\n<div style=\"height:50px\" aria-hidden=\"true\" class=\"wp-block-spacer\"><\/div>\n\n\n\n<h4 class=\"wp-block-heading\">Resumen de los resultados del sacrificio en 2024<\/h4>\n\n\n\n<div style=\"height:20px\" aria-hidden=\"true\" class=\"wp-block-spacer\"><\/div>\n\n\n\n<figure class=\"wp-block-table is-style-stripes has-small-font-size\"><table><thead><tr><th>Criterios<\/th><th class=\"has-text-align-center\" data-align=\"center\">Machos castrados<\/th><th class=\"has-text-align-center\" data-align=\"center\">Machos enteros<\/th><\/tr><\/thead><tbody><tr><td>Pesos en caliente (kg)<\/td><td class=\"has-text-align-center\" data-align=\"center\">96,0<\/td><td class=\"has-text-align-center\" data-align=\"center\">95,2<\/td><\/tr><tr><td>TMP<\/td><td class=\"has-text-align-center\" data-align=\"center\">61,5<\/td><td class=\"has-text-align-center\" data-align=\"center\">62,3<\/td><\/tr><tr><td>Manteca de cerdo a 100 kg (mm)<\/td><td class=\"has-text-align-center\" data-align=\"center\">13,1<\/td><td class=\"has-text-align-center\" data-align=\"center\">11,7<\/td><\/tr><tr><td>M\u00fasculo a 100 kg (mm)<\/td><td class=\"has-text-align-center\" data-align=\"center\">78,6<\/td><td class=\"has-text-align-center\" data-align=\"center\">77,1<\/td><\/tr><tr><td>Gama de valor a\u00f1adido<\/td><td class=\"has-text-align-center\" data-align=\"center\">16,5<\/td><td class=\"has-text-align-center\" data-align=\"center\">17,3<\/td><\/tr><\/tbody><\/table><figcaption class=\"wp-element-caption\">\u00a1Calidad de la canal y rendimiento garantizados! &#8211; Datos redondeados al tercio m\u00e1s pr\u00f3ximo <\/figcaption><\/figure>\n<\/div>\n\n<div style=\"height:80px\" aria-hidden=\"true\" class=\"wp-block-spacer\"><\/div>\n\n<div class=\"wp-block-group is-layout-constrained wp-block-group-is-layout-constrained\">\n<h2 class=\"wp-block-heading has-text-color has-link-color wp-elements-cd497c920d2c8188c45123b2e94a7a32\" style=\"color:#1a2140\"><strong>Testimonios<\/strong><\/h2>\n\n\n\n<div class=\"wp-block-group is-layout-constrained wp-block-group-is-layout-constrained\">\n<h3 class=\"wp-block-heading\">FERME DE KER ANGEL &#8211; FRANCIA<\/h3>\n\n\n\n<div style=\"height:20px\" aria-hidden=\"true\" class=\"wp-block-spacer\"><\/div>\n\n\n\n<div class=\"wp-block-media-text is-stacked-on-mobile is-image-fill-element\"><figure class=\"wp-block-media-text__media\"><img loading=\"lazy\" decoding=\"async\" width=\"1297\" height=\"1763\" src=\"https:\/\/www.axiom-genetics.com\/wp-content\/uploads\/2025\/09\/20250325_181508_1_11zon-min-e1758023984740.webp\" alt=\"\" class=\"wp-image-6525 size-full\" style=\"object-position:50% 50%\"\/><\/figure><div class=\"wp-block-media-text__content\">\n<div style=\"height:10px\" aria-hidden=\"true\" class=\"wp-block-spacer\"><\/div>\n\n\n\n<p>Destetador &#8211; Comedero<br\/>Gen\u00e9tica Ad\u00e9nia X Valens<br\/>300 cerdas presentes<br\/>35,5 lechones destetados\/cerda\/a\u00f1o<br\/>Gesti\u00f3n 4 bandas de 70, destete 28 d\u00edas<\/p>\n<\/div><\/div>\n\n\n\n<div class=\"wp-block-group is-layout-constrained wp-block-group-is-layout-constrained\">\n<div style=\"height:20px\" aria-hidden=\"true\" class=\"wp-block-spacer\"><\/div>\n\n\n\n<h4 class=\"wp-block-heading\"><strong>Particularidades de la ganader\u00eda<\/strong><\/h4>\n\n\n\n<div class=\"wp-block-group is-layout-grid wp-container-core-group-is-layout-9649a0d9 wp-block-group-is-layout-grid\">\n<p class=\"has-text-align-center has-white-color has-text-color has-background has-link-color wp-elements-38f599ec565f2d1f4850d5aa44ebc0de wp-container-content-d8344436\" style=\"background-color:#1a2140\">Cajas de maternidad en libertad<\/p>\n\n\n\n<p class=\"has-text-align-center has-white-color has-text-color has-background has-link-color wp-elements-c766f30e088037cb4fdde3ab088bd822 wp-container-content-d8344436\" style=\"background-color:#1a2140\">Engorde con paja<\/p>\n\n\n\n<p class=\"has-text-align-center has-white-color has-text-color has-background has-link-color wp-elements-c46bbdfbf5d1d3d0ea5e0c33a0cc8796 wp-container-content-d8344436\" style=\"background-color:#1a2140\">Machos enteros<\/p>\n\n\n\n<p class=\"has-text-align-center has-white-color has-text-color has-background has-link-color wp-elements-28d23881a5e03ccad6379adf04f85b05 wp-container-content-d8344436\" style=\"background-color:#1a2140\">Colas largas<\/p>\n\n\n\n<p class=\"has-text-align-center has-white-color has-text-color has-background has-link-color wp-elements-0a0b607ba4df4748066397668a227d5d wp-container-content-d8344436\" style=\"background-color:#1a2140\">Criados sin antibi\u00f3ticos<\/p>\n\n\n\n<p class=\"has-text-align-center has-white-color has-text-color has-background has-link-color wp-elements-c287f8ebb0fe84d79c34372ec776f0a2 wp-container-content-d8344436\" style=\"background-color:#1a2140\">Alimentaci\u00f3n Ad Libitum<\/p>\n<\/div>\n\n\n\n<div style=\"height:70px\" aria-hidden=\"true\" class=\"wp-block-spacer\"><\/div>\n<\/div>\n\n\n\n<div class=\"wp-block-group is-layout-constrained wp-block-group-is-layout-constrained\">\n<h4 class=\"wp-block-heading\"><strong>Entrevista con Benjamin Lefeuvre y Laurent Dartois<\/strong><\/h4>\n\n\n\n<div style=\"height:20px\" aria-hidden=\"true\" class=\"wp-block-spacer\"><\/div>\n\n\n\n<p>\u00abEstamos muy contentos con el verraco Valens. En la unidad de maternidad, destetamos buenas camadas con lechones de calidad que empiezan muy bien en el post-destete: <strong>\u00a1555 g de GMQ en post-destete de media durante 1 a\u00f1o para 14,5 lechones destetados por camada, con un peso medio de 7,6 kg!<\/strong> <\/p>\n\n\n\n<p><br\/>Para el engorde, alimentamos ad libitum y utilizamos paja. Las cr\u00edas Valens tienen un buen consumo de pienso y lo aprovechan muy bien. Su crecimiento y su \u00edndice de conversi\u00f3n alimenticia son excelentes, y tienen un buen TMP.    <strong>Producimos lotes con una GMQ superior a 1000 g y un CI de 2,4.<\/strong> <\/p>\n\n\n\n<p>Por \u00faltimo, la descendencia del Valens es hiperhomog\u00e9nea, lo que es impresionante. El Valens tambi\u00e9n es un verraco que se lleva muy bien con los machos enteros. A pesar del engorde con paja, que es un factor de riesgo, <strong>tenemos un 99,8% de machos sin olor.<\/strong>   <\/p>\n\n\n\n<div style=\"height:50px\" aria-hidden=\"true\" class=\"wp-block-spacer\"><\/div>\n<\/div>\n\n\n\n<div class=\"wp-block-group is-layout-constrained wp-block-group-is-layout-constrained\">\n<figure class=\"wp-block-image size-full is-style-default\"><img loading=\"lazy\" decoding=\"async\" width=\"1500\" height=\"1125\" src=\"https:\/\/www.axiom-genetics.com\/wp-content\/uploads\/2025\/09\/20250325_180207_13_11zon-min-e1758023274582.webp\" alt=\"\" class=\"wp-image-6519\" style=\"aspect-ratio:16\/9;object-fit:cover\"\/><\/figure>\n\n\n\n<div style=\"height:50px\" aria-hidden=\"true\" class=\"wp-block-spacer\"><\/div>\n\n\n\n<h4 class=\"wp-block-heading\"><strong>La pareja Ad\u00e9nia X Valens, actuaciones<\/strong><\/h4>\n\n\n\n<div style=\"height:20px\" aria-hidden=\"true\" class=\"wp-block-spacer\"><\/div>\n\n\n\n<figure class=\"wp-block-table is-style-stripes has-small-font-size\"><table><thead><tr><th>Criterios<\/th><th class=\"has-text-align-center\" data-align=\"center\">Datos<\/th><\/tr><\/thead><tbody><tr><td>N\u00famero de cerdos<\/td><td class=\"has-text-align-center\" data-align=\"center\">2 067<\/td><\/tr><tr><td>Peso (entrada, kg)<\/td><td class=\"has-text-align-center\" data-align=\"center\">33,3<\/td><\/tr><tr><td>Peso (producci\u00f3n, kg)<\/td><td class=\"has-text-align-center\" data-align=\"center\">126,7<\/td><\/tr><tr><td>Tasa de p\u00e9rdida de engorde (%)<\/td><td class=\"has-text-align-center\" data-align=\"center\">2,0<\/td><\/tr><tr><td>N\u00famero de d\u00edas (d\u00edas)<\/td><td class=\"has-text-align-center\" data-align=\"center\">91<\/td><\/tr><tr><td>GMQ t\u00e9cnico 30-115 (g\/d)<\/td><td class=\"has-text-align-center\" data-align=\"center\">1 030<\/td><\/tr><tr><td>CI t\u00e9cnico 30-445 (kg\/kg)<\/td><td class=\"has-text-align-center\" data-align=\"center\">2,40*<\/td><\/tr><tr><td>TMP<\/td><td class=\"has-text-align-center\" data-align=\"center\">60,3<\/td><\/tr><\/tbody><\/table><figcaption class=\"wp-element-caption\">Resumen de los resultados de cr\u00eda, <br\/>*El engorde sobre paja reduce el \u00edndice en torno a 0,25. Por tanto, podemos estimar el \u00edndice 30-115 en 2,15 si los cerdos se engordaran en suelos de rejilla. <\/figcaption><\/figure>\n\n\n\n<div style=\"height:80px\" aria-hidden=\"true\" class=\"wp-block-spacer\"><\/div>\n<\/div>\n<\/div>\n\n\n\n<div class=\"wp-block-group is-layout-constrained wp-block-group-is-layout-constrained\">\n<h3 class=\"wp-block-heading\">CIA ESPERMATICA &#8211; ESPA\u00d1A<\/h3>\n\n\n\n<div style=\"height:20px\" aria-hidden=\"true\" class=\"wp-block-spacer\"><\/div>\n\n\n\n<div class=\"wp-block-media-text is-stacked-on-mobile is-image-fill-element\"><figure class=\"wp-block-media-text__media\"><img loading=\"lazy\" decoding=\"async\" width=\"1500\" height=\"2000\" src=\"https:\/\/www.axiom-genetics.com\/wp-content\/uploads\/2025\/09\/WhatsApp-Image-2024-10-24-at-09.42.34_9_11zon-min-e1758023361342.webp\" alt=\"\" class=\"wp-image-6573 size-full\" style=\"object-position:50% 86%\"\/><\/figure><div class=\"wp-block-media-text__content\">\n<p>CIA Spermatica<br\/>170 verracos <br\/>130 Valens<\/p>\n<\/div><\/div>\n\n\n\n<div style=\"height:50px\" aria-hidden=\"true\" class=\"wp-block-spacer\"><\/div>\n\n\n\n<figure class=\"wp-block-image size-full is-resized\"><img loading=\"lazy\" decoding=\"async\" width=\"1599\" height=\"682\" src=\"https:\/\/www.axiom-genetics.com\/wp-content\/uploads\/2025\/09\/3_4_11zon-min-e1758025942714.webp\" alt=\"\" class=\"wp-image-6609\" style=\"aspect-ratio:16\/9;object-fit:cover;width:auto;height:600px\"\/><\/figure>\n\n\n\n<div class=\"wp-block-group is-layout-constrained wp-block-group-is-layout-constrained\">\n<div style=\"height:60px\" aria-hidden=\"true\" class=\"wp-block-spacer\"><\/div>\n<\/div>\n\n\n\n<div class=\"wp-block-group is-layout-constrained wp-block-group-is-layout-constrained\">\n<h4 class=\"wp-block-heading\"><strong>Testimonio de Joan Sans, Gerente<\/strong><\/h4>\n\n\n\n<div style=\"height:20px\" aria-hidden=\"true\" class=\"wp-block-spacer\"><\/div>\n\n\n\n<h5 class=\"wp-block-heading\">\u00bfCu\u00e1les son los puntos fuertes de los verracos de Valens para los productores espa\u00f1oles?  <\/h5>\n\n\n\n<p>\u00abEl primer punto fuerte de Valens es su crecimiento.  <strong>Algunos productores espa\u00f1oles est\u00e1n ganando entre 18 y 22 d\u00edas de edad al sacrificio, manteniendo el peso de la canal.  <\/strong>En Espa\u00f1a, los cebaderos integrados son muy caros, as\u00ed que esto es una gran ventaja.<\/p>\n\n\n\n<p><br\/>El 2\u00ba punto fuerte es su gran capacidad de ingesta de pienso. Los veranos en Espa\u00f1a son muy calurosos, sobre todo en el sur, y las cr\u00edas Valens se ven menos afectadas por <strong>su elevado consumo de pienso<\/strong>.<br\/>Por \u00faltimo, la robustez es el 3er punto fuerte de la Valens, sobre todo en el engorde. <strong>El porcentaje de p\u00e9rdidas en el engorde es muy bajo.<\/strong> Tenemos clientes con tasas de p\u00e9rdidas del 2,5%, frente al 5% de otros verracos del mercado. <\/p>\n\n\n\n<h5 class=\"wp-block-heading\">\u00bfQu\u00e9 piensan los matarifes espa\u00f1oles de Valens?<\/h5>\n\n\n\n<p>\u00abEn Espa\u00f1a, los mataderos aprecian mucho los cerdos Valens porque son muy homog\u00e9neos. Las canales son m\u00e1s largas y los pesos del jam\u00f3n y la paleta tambi\u00e9n son m\u00e1s elevados.<\/p>\n\n\n\n<div style=\"height:50px\" aria-hidden=\"true\" class=\"wp-block-spacer\"><\/div>\n<\/div>\n\n\n\n<div class=\"wp-block-group is-layout-constrained wp-block-group-is-layout-constrained\">\n<figure class=\"wp-block-image size-full is-style-default\"><img loading=\"lazy\" decoding=\"async\" width=\"1600\" height=\"1200\" src=\"https:\/\/www.axiom-genetics.com\/wp-content\/uploads\/2025\/09\/1_5_11zon-min.webp\" alt=\"\" class=\"wp-image-6597\" style=\"aspect-ratio:16\/9;object-fit:cover\"\/><\/figure>\n<\/div>\n\n\n\n<div style=\"height:90px\" aria-hidden=\"true\" class=\"wp-block-spacer\"><\/div>\n<\/div>\n\n\n\n<div class=\"wp-block-group is-layout-constrained wp-block-group-is-layout-constrained\">\n<h3 class=\"wp-block-heading\">W. BANKERS AGRO B.V. &#8211; PA\u00cdSES BAJOS<\/h3>\n\n\n\n<div style=\"height:20px\" aria-hidden=\"true\" class=\"wp-block-spacer\"><\/div>\n\n\n\n<div class=\"wp-block-media-text is-stacked-on-mobile is-image-fill-element\"><figure class=\"wp-block-media-text__media\"><img loading=\"lazy\" decoding=\"async\" width=\"480\" height=\"640\" src=\"https:\/\/www.axiom-genetics.com\/wp-content\/uploads\/2025\/09\/IMG_2696_7_11zon-min.webp\" alt=\"\" class=\"wp-image-6561 size-full\" style=\"object-position:53% 44%\"\/><\/figure><div class=\"wp-block-media-text__content\">\n<p>Farrower<br\/>Postdestete hasta 22 kg, destete 25 d\u00edas<br\/>1.500 cerdas<br\/>38 lechones destetados\/cerda\/a\u00f1o<br\/>Gen\u00e9tica: Ad\u00e9nia x Valens<br\/>Alimentaci\u00f3n seca<\/p>\n<\/div><\/div>\n\n\n\n<div class=\"wp-block-group is-layout-constrained wp-block-group-is-layout-constrained\">\n<div style=\"height:50px\" aria-hidden=\"true\" class=\"wp-block-spacer\"><\/div>\n<\/div>\n\n\n\n<div class=\"wp-block-group is-layout-constrained wp-block-group-is-layout-constrained\">\n<h4 class=\"wp-block-heading\"><strong>Testimonio de Wilfred Bankers<\/strong><\/h4>\n\n\n\n<div style=\"height:20px\" aria-hidden=\"true\" class=\"wp-block-spacer\"><\/div>\n\n\n\n<blockquote class=\"wp-block-quote is-layout-flow wp-block-quote-is-layout-flow\">\n<p>\u00abCon el Valens, tengo lechones homog\u00e9neos desde el nacimiento, se simplifica mi trabajo en la unidad de maternidad y tenemos m\u00e1s tranquilidad en lo que se refiere al crecimiento al principio del post-destete.<\/p>\n<\/blockquote>\n\n\n\n<h5 class=\"wp-block-heading\">\u00bfPor qu\u00e9 el Valens?  <\/h5>\n\n\n\n<p>\u00abBuscaba un verraco completo que mejorara la calidad de los lechones desde el nacimiento hasta la venta. Queremos lechones m\u00e1s homog\u00e9neos para facilitar la gesti\u00f3n de lotes y mejorar la calidad general de nuestra producci\u00f3n.\u00bb<\/p>\n\n\n\n<p><\/p>\n\n\n\n<h5 class=\"wp-block-heading\">\u00bfQu\u00e9 cambios has observado? \u00bfHubo mejoras en los lechones al nacer o en el post-destete? <\/h5>\n\n\n\n<p>\u00abDesde el primer lote, observamos <strong>una clara mejora: -10% de mortinatos y -70% de hernias.<\/strong> La uniformidad post-destete es constante, con una diferencia de <strong>menos de 7 d\u00edas<\/strong> entre el primer y el \u00faltimo lech\u00f3n sacado por lote. Tambi\u00e9n hemos observado <strong>un aumento de la tasa de crecimiento, hasta +40 g al d\u00eda.<\/strong>  <\/p>\n\n\n\n<p><\/p>\n\n\n\n<h5 class=\"wp-block-heading\">\u00bfC\u00f3mo ha mejorado esto tu trabajo diario?<\/h5>\n\n\n\n<p>\u00abEl trabajo de maternidad es m\u00e1s f\u00e1cil. Los lechones van r\u00e1pidamente a las ubres nada m\u00e1s nacer, as\u00ed que hay una diferencia real en t\u00e9rminos de vigor. <strong>Menos cuidados en la unidad de maternidad, menos mortinatos, pr\u00e1cticamente ning\u00fan registro, m\u00e1s tranquilidad.<\/strong> Los lechones son aut\u00f3nomos, lo que nos libera tiempo para concentrarnos en otras tareas y facilita el trabajo de mis empleados. <\/p>\n\n\n\n<p><\/p>\n\n\n\n<h5 class=\"wp-block-heading\">\u00bfAlg\u00fan comentario de otros usuarios de Valens en Holanda?  <\/h5>\n\n\n\n<p>\u00abLos primeros resultados del mercado holand\u00e9s est\u00e1n en l\u00ednea con las promesas realizadas. El Valens garantiza un crecimiento r\u00e1pido, una descendencia homog\u00e9nea y una reducci\u00f3n de los costes de alimentaci\u00f3n por kilo de crecimiento. El r\u00e1pido aumento de peso en el post-destete y la robustez de la descendencia hacen del verraco Valens <strong>la soluci\u00f3n ideal para los criadores holandeses, as\u00ed como para los criadores orientados a la exportaci\u00f3n para mercados exigentes como Espa\u00f1a y Alemania.<\/strong>   <\/p>\n<\/div>\n\n\n\n<div style=\"height:70px\" aria-hidden=\"true\" class=\"wp-block-spacer\"><\/div>\n<\/div>\n\n\n\n<div class=\"wp-block-group is-layout-constrained wp-block-group-is-layout-constrained\">\n<h3 class=\"wp-block-heading\">CIA AXIOM POLSKA<\/h3>\n\n\n\n<div style=\"height:20px\" aria-hidden=\"true\" class=\"wp-block-spacer\"><\/div>\n\n\n\n<figure class=\"wp-block-gallery has-nested-images columns-default is-cropped wp-block-gallery-1 is-layout-flex wp-block-gallery-is-layout-flex\">\n<figure class=\"wp-block-image size-large\"><img loading=\"lazy\" decoding=\"async\" width=\"1200\" height=\"1803\" data-id=\"6567\" src=\"https:\/\/www.axiom-genetics.com\/wp-content\/uploads\/2025\/09\/Stan_8_11zon-min-e1758023344546.webp\" alt=\"\" class=\"wp-image-6567\"\/><\/figure>\n\n\n\n<figure class=\"wp-block-image size-large\"><img loading=\"lazy\" decoding=\"async\" width=\"1500\" height=\"998\" data-id=\"6501\" src=\"https:\/\/www.axiom-genetics.com\/wp-content\/uploads\/2025\/09\/DSC7727_10_11zon-min-e1758023237745.webp\" alt=\"\" class=\"wp-image-6501\"\/><\/figure>\n\n\n\n<figure class=\"wp-block-image size-large\"><img loading=\"lazy\" decoding=\"async\" width=\"1501\" height=\"1313\" data-id=\"6543\" src=\"https:\/\/www.axiom-genetics.com\/wp-content\/uploads\/2025\/09\/GOPR1034_4_11zon-min-e1758023319493.webp\" alt=\"\" class=\"wp-image-6543\"\/><\/figure>\n<\/figure>\n\n\n\n<div class=\"wp-block-group is-layout-constrained wp-block-group-is-layout-constrained\">\n<div style=\"height:50px\" aria-hidden=\"true\" class=\"wp-block-spacer\"><\/div>\n<\/div>\n\n\n\n<div class=\"wp-block-group is-layout-constrained wp-block-group-is-layout-constrained\">\n<h4 class=\"wp-block-heading\"><strong>Testimonio de Stanislaw Niemyjski<\/strong><\/h4>\n\n\n\n<div style=\"height:20px\" aria-hidden=\"true\" class=\"wp-block-spacer\"><\/div>\n\n\n\n<blockquote class=\"wp-block-quote is-layout-flow wp-block-quote-is-layout-flow\">\n<p>\u00abEl Valens es una respuesta a la creciente demanda del mercado y ofrece una alternativa ideal a los verracos Duroc.<\/p>\n<\/blockquote>\n\n\n\n<h5 class=\"wp-block-heading\">\u00bfQu\u00e9 relevancia tiene el jabal\u00ed Valens para el mercado polaco?<\/h5>\n\n\n\n<p>\u00abDada la polarizaci\u00f3n actual del mercado, estamos encantados de ofrecer en el mercado polaco el verraco Valens, un verraco terminal que ha llegado recientemente a nuestro centro de inseminaci\u00f3n y que ofrece<strong> una alternativa ideal para satisfacer las necesidades cambiantes del mercado.<\/strong><\/p>\n\n\n\n<p><br\/>Sus caracter\u00edsticas distintivas, incluido <strong>un alto porcentaje de m\u00fasculo, un fuerte crecimiento y una excelente conversi\u00f3n alimenticia<\/strong>, hacen de este verraco una elecci\u00f3n \u00f3ptima para los criadores que buscan maximizar el rendimiento. La baja tasa de p\u00e9rdidas en el engorde tambi\u00e9n representa una importante ventaja econ\u00f3mica, que se traduce en <strong>menores costes de producci\u00f3n y mayor rentabilidad<\/strong>. <\/p>\n\n\n\n<p><br\/>Por \u00faltimo, el temperamento tranquilo y el fenotipo de la Valens, caracterizados por <strong>una impresionante longitud de lomo, patas fuertes, jamones bien desarrollados y proporciones \u00f3ptimas de cortes primarios<\/strong>, la convierten en una elecci\u00f3n ideal para los criadores que buscan cerdos de carnicer\u00eda eficientes con una calidad de canal superior. Se trata de un nuevo producto de calidad en el mercado polaco. <\/p>\n\n\n\n<div style=\"height:80px\" aria-hidden=\"true\" class=\"wp-block-spacer\"><\/div>\n<\/div>\n\n\n\n<div class=\"wp-block-group is-layout-constrained wp-block-group-is-layout-constrained\">\n<figure class=\"wp-block-image size-full is-style-default\"><img loading=\"lazy\" decoding=\"async\" width=\"1500\" height=\"844\" src=\"https:\/\/www.axiom-genetics.com\/wp-content\/uploads\/2025\/09\/Centrum-Pozyskiwania-Nasienia-Prezentacja_2_11zon-min-e1758023296233.webp\" alt=\"\" class=\"wp-image-6531\" style=\"aspect-ratio:16\/9;object-fit:cover\"\/><\/figure>\n<\/div>\n<\/div>\n<\/div>\n","protected":false},"excerpt":{"rendered":"<p>Lanzado en 2020 y alcanzando ya una cuota de mercado del 10%, \u00a1redescubre Valens con sus resultados y rendimiento, presentaciones de expertos y testimonios de productores y socios de toda Europa!  <\/p>\n","protected":false},"featured_media":340,"template":"","meta":{"_acf_changed":false,"_et_pb_use_builder":"","_et_pb_old_content":"","_et_gb_content_width":""},"class_list":["post-7012","zoom","type-zoom","status-publish","has-post-thumbnail","hentry"],"acf":[],"yoast_head":"<!-- This site is optimized with the Yoast SEO plugin v27.4 - https:\/\/yoast.com\/product\/yoast-seo-wordpress\/ -->\n<title>[Zoom 15] Gira europea con los Valens: resultados y testimonios<\/title>\n<meta name=\"description\" content=\"\u00a1Valens bajo el microscopio, con resultados, actuaciones, charlas de expertos y testimonios de productores y colaboradores de toda Europa!\" \/>\n<meta name=\"robots\" content=\"index, follow, max-snippet:-1, max-image-preview:large, max-video-preview:-1\" \/>\n<link rel=\"canonical\" href=\"https:\/\/www.axiom-genetics.com\/es\/zoom\/zoom-15-gira-europea-de-resultados-y-testimonios-con-el-jabali-valens\/\" \/>\n<meta property=\"og:locale\" content=\"es_ES\" \/>\n<meta property=\"og:type\" content=\"article\" \/>\n<meta property=\"og:title\" content=\"[Zoom 15] Gira europea con los Valens: resultados y testimonios\" \/>\n<meta property=\"og:description\" content=\"\u00a1Valens bajo el microscopio, con resultados, actuaciones, charlas de expertos y testimonios de productores y colaboradores de toda Europa!\" \/>\n<meta property=\"og:url\" content=\"https:\/\/www.axiom-genetics.com\/es\/zoom\/zoom-15-gira-europea-de-resultados-y-testimonios-con-el-jabali-valens\/\" \/>\n<meta property=\"og:site_name\" content=\"Axiom\" \/>\n<meta property=\"article:publisher\" content=\"https:\/\/www.facebook.com\/p\/Axiom-France-100064379400783\/\" \/>\n<meta property=\"article:modified_time\" content=\"2026-01-20T08:32:21+00:00\" \/>\n<meta property=\"og:image\" content=\"https:\/\/www.axiom-genetics.com\/wp-content\/uploads\/2025\/07\/Zoom_25_03_RESULTATS_VALENS.webp\" \/>\n\t<meta property=\"og:image:width\" content=\"400\" \/>\n\t<meta property=\"og:image:height\" content=\"566\" \/>\n\t<meta property=\"og:image:type\" content=\"image\/webp\" \/>\n<meta name=\"twitter:card\" content=\"summary_large_image\" \/>\n<meta name=\"twitter:label1\" content=\"Tiempo de lectura\" \/>\n\t<meta name=\"twitter:data1\" content=\"9 minutos\" \/>\n<script type=\"application\/ld+json\" class=\"yoast-schema-graph\">{\"@context\":\"https:\\\/\\\/schema.org\",\"@graph\":[{\"@type\":\"WebPage\",\"@id\":\"https:\\\/\\\/www.axiom-genetics.com\\\/es\\\/zoom\\\/zoom-15-gira-europea-de-resultados-y-testimonios-con-el-jabali-valens\\\/\",\"url\":\"https:\\\/\\\/www.axiom-genetics.com\\\/es\\\/zoom\\\/zoom-15-gira-europea-de-resultados-y-testimonios-con-el-jabali-valens\\\/\",\"name\":\"[Zoom 15] Gira europea con los Valens: resultados y testimonios\",\"isPartOf\":{\"@id\":\"https:\\\/\\\/www.axiom-genetics.com\\\/es\\\/#website\"},\"primaryImageOfPage\":{\"@id\":\"https:\\\/\\\/www.axiom-genetics.com\\\/es\\\/zoom\\\/zoom-15-gira-europea-de-resultados-y-testimonios-con-el-jabali-valens\\\/#primaryimage\"},\"image\":{\"@id\":\"https:\\\/\\\/www.axiom-genetics.com\\\/es\\\/zoom\\\/zoom-15-gira-europea-de-resultados-y-testimonios-con-el-jabali-valens\\\/#primaryimage\"},\"thumbnailUrl\":\"https:\\\/\\\/www.axiom-genetics.com\\\/wp-content\\\/uploads\\\/2025\\\/07\\\/Zoom_25_03_RESULTATS_VALENS.webp\",\"datePublished\":\"2026-01-20T08:32:20+00:00\",\"dateModified\":\"2026-01-20T08:32:21+00:00\",\"description\":\"\u00a1Valens bajo el microscopio, con resultados, actuaciones, charlas de expertos y testimonios de productores y colaboradores de toda Europa!\",\"breadcrumb\":{\"@id\":\"https:\\\/\\\/www.axiom-genetics.com\\\/es\\\/zoom\\\/zoom-15-gira-europea-de-resultados-y-testimonios-con-el-jabali-valens\\\/#breadcrumb\"},\"inLanguage\":\"es\",\"potentialAction\":[{\"@type\":\"ReadAction\",\"target\":[\"https:\\\/\\\/www.axiom-genetics.com\\\/es\\\/zoom\\\/zoom-15-gira-europea-de-resultados-y-testimonios-con-el-jabali-valens\\\/\"]}]},{\"@type\":\"ImageObject\",\"inLanguage\":\"es\",\"@id\":\"https:\\\/\\\/www.axiom-genetics.com\\\/es\\\/zoom\\\/zoom-15-gira-europea-de-resultados-y-testimonios-con-el-jabali-valens\\\/#primaryimage\",\"url\":\"https:\\\/\\\/www.axiom-genetics.com\\\/wp-content\\\/uploads\\\/2025\\\/07\\\/Zoom_25_03_RESULTATS_VALENS.webp\",\"contentUrl\":\"https:\\\/\\\/www.axiom-genetics.com\\\/wp-content\\\/uploads\\\/2025\\\/07\\\/Zoom_25_03_RESULTATS_VALENS.webp\",\"width\":400,\"height\":566},{\"@type\":\"BreadcrumbList\",\"@id\":\"https:\\\/\\\/www.axiom-genetics.com\\\/es\\\/zoom\\\/zoom-15-gira-europea-de-resultados-y-testimonios-con-el-jabali-valens\\\/#breadcrumb\",\"itemListElement\":[{\"@type\":\"ListItem\",\"position\":1,\"name\":\"Accueil\",\"item\":\"https:\\\/\\\/www.axiom-genetics.com\\\/es\\\/\"},{\"@type\":\"ListItem\",\"position\":2,\"name\":\"[Zoom 15] Gira europea de resultados y testimonios con el jabal\u00ed Valens\"}]},{\"@type\":\"WebSite\",\"@id\":\"https:\\\/\\\/www.axiom-genetics.com\\\/es\\\/#website\",\"url\":\"https:\\\/\\\/www.axiom-genetics.com\\\/es\\\/\",\"name\":\"Axiom\",\"description\":\"G\u00e9n\u00e9tique porcine fran\u00e7aise\",\"publisher\":{\"@id\":\"https:\\\/\\\/www.axiom-genetics.com\\\/es\\\/#organization\"},\"potentialAction\":[{\"@type\":\"SearchAction\",\"target\":{\"@type\":\"EntryPoint\",\"urlTemplate\":\"https:\\\/\\\/www.axiom-genetics.com\\\/es\\\/?s={search_term_string}\"},\"query-input\":{\"@type\":\"PropertyValueSpecification\",\"valueRequired\":true,\"valueName\":\"search_term_string\"}}],\"inLanguage\":\"es\"},{\"@type\":\"Organization\",\"@id\":\"https:\\\/\\\/www.axiom-genetics.com\\\/es\\\/#organization\",\"name\":\"Axiom\",\"url\":\"https:\\\/\\\/www.axiom-genetics.com\\\/es\\\/\",\"logo\":{\"@type\":\"ImageObject\",\"inLanguage\":\"es\",\"@id\":\"https:\\\/\\\/www.axiom-genetics.com\\\/es\\\/#\\\/schema\\\/logo\\\/image\\\/\",\"url\":\"https:\\\/\\\/www.axiom-genetics.com\\\/wp-content\\\/uploads\\\/2025\\\/11\\\/SB_CMJN.png\",\"contentUrl\":\"https:\\\/\\\/www.axiom-genetics.com\\\/wp-content\\\/uploads\\\/2025\\\/11\\\/SB_CMJN.png\",\"width\":5841,\"height\":2332,\"caption\":\"Axiom\"},\"image\":{\"@id\":\"https:\\\/\\\/www.axiom-genetics.com\\\/es\\\/#\\\/schema\\\/logo\\\/image\\\/\"},\"sameAs\":[\"https:\\\/\\\/www.facebook.com\\\/p\\\/Axiom-France-100064379400783\\\/\",\"https:\\\/\\\/www.linkedin.com\\\/company\\\/18675597\",\"https:\\\/\\\/www.instagram.com\\\/axiomfrance\",\"https:\\\/\\\/www.youtube.com\\\/@Axiom-global\"]}]}<\/script>\n<!-- \/ Yoast SEO plugin. -->","yoast_head_json":{"title":"[Zoom 15] Gira europea con los Valens: resultados y testimonios","description":"\u00a1Valens bajo el microscopio, con resultados, actuaciones, charlas de expertos y testimonios de productores y colaboradores de toda Europa!","robots":{"index":"index","follow":"follow","max-snippet":"max-snippet:-1","max-image-preview":"max-image-preview:large","max-video-preview":"max-video-preview:-1"},"canonical":"https:\/\/www.axiom-genetics.com\/es\/zoom\/zoom-15-gira-europea-de-resultados-y-testimonios-con-el-jabali-valens\/","og_locale":"es_ES","og_type":"article","og_title":"[Zoom 15] Gira europea con los Valens: resultados y testimonios","og_description":"\u00a1Valens bajo el microscopio, con resultados, actuaciones, charlas de expertos y testimonios de productores y colaboradores de toda Europa!","og_url":"https:\/\/www.axiom-genetics.com\/es\/zoom\/zoom-15-gira-europea-de-resultados-y-testimonios-con-el-jabali-valens\/","og_site_name":"Axiom","article_publisher":"https:\/\/www.facebook.com\/p\/Axiom-France-100064379400783\/","article_modified_time":"2026-01-20T08:32:21+00:00","og_image":[{"width":400,"height":566,"url":"https:\/\/www.axiom-genetics.com\/wp-content\/uploads\/2025\/07\/Zoom_25_03_RESULTATS_VALENS.webp","type":"image\/webp"}],"twitter_card":"summary_large_image","twitter_misc":{"Tiempo de lectura":"9 minutos"},"schema":{"@context":"https:\/\/schema.org","@graph":[{"@type":"WebPage","@id":"https:\/\/www.axiom-genetics.com\/es\/zoom\/zoom-15-gira-europea-de-resultados-y-testimonios-con-el-jabali-valens\/","url":"https:\/\/www.axiom-genetics.com\/es\/zoom\/zoom-15-gira-europea-de-resultados-y-testimonios-con-el-jabali-valens\/","name":"[Zoom 15] Gira europea con los Valens: resultados y testimonios","isPartOf":{"@id":"https:\/\/www.axiom-genetics.com\/es\/#website"},"primaryImageOfPage":{"@id":"https:\/\/www.axiom-genetics.com\/es\/zoom\/zoom-15-gira-europea-de-resultados-y-testimonios-con-el-jabali-valens\/#primaryimage"},"image":{"@id":"https:\/\/www.axiom-genetics.com\/es\/zoom\/zoom-15-gira-europea-de-resultados-y-testimonios-con-el-jabali-valens\/#primaryimage"},"thumbnailUrl":"https:\/\/www.axiom-genetics.com\/wp-content\/uploads\/2025\/07\/Zoom_25_03_RESULTATS_VALENS.webp","datePublished":"2026-01-20T08:32:20+00:00","dateModified":"2026-01-20T08:32:21+00:00","description":"\u00a1Valens bajo el microscopio, con resultados, actuaciones, charlas de expertos y testimonios de productores y colaboradores de toda Europa!","breadcrumb":{"@id":"https:\/\/www.axiom-genetics.com\/es\/zoom\/zoom-15-gira-europea-de-resultados-y-testimonios-con-el-jabali-valens\/#breadcrumb"},"inLanguage":"es","potentialAction":[{"@type":"ReadAction","target":["https:\/\/www.axiom-genetics.com\/es\/zoom\/zoom-15-gira-europea-de-resultados-y-testimonios-con-el-jabali-valens\/"]}]},{"@type":"ImageObject","inLanguage":"es","@id":"https:\/\/www.axiom-genetics.com\/es\/zoom\/zoom-15-gira-europea-de-resultados-y-testimonios-con-el-jabali-valens\/#primaryimage","url":"https:\/\/www.axiom-genetics.com\/wp-content\/uploads\/2025\/07\/Zoom_25_03_RESULTATS_VALENS.webp","contentUrl":"https:\/\/www.axiom-genetics.com\/wp-content\/uploads\/2025\/07\/Zoom_25_03_RESULTATS_VALENS.webp","width":400,"height":566},{"@type":"BreadcrumbList","@id":"https:\/\/www.axiom-genetics.com\/es\/zoom\/zoom-15-gira-europea-de-resultados-y-testimonios-con-el-jabali-valens\/#breadcrumb","itemListElement":[{"@type":"ListItem","position":1,"name":"Accueil","item":"https:\/\/www.axiom-genetics.com\/es\/"},{"@type":"ListItem","position":2,"name":"[Zoom 15] Gira europea de resultados y testimonios con el jabal\u00ed Valens"}]},{"@type":"WebSite","@id":"https:\/\/www.axiom-genetics.com\/es\/#website","url":"https:\/\/www.axiom-genetics.com\/es\/","name":"Axiom","description":"G\u00e9n\u00e9tique porcine fran\u00e7aise","publisher":{"@id":"https:\/\/www.axiom-genetics.com\/es\/#organization"},"potentialAction":[{"@type":"SearchAction","target":{"@type":"EntryPoint","urlTemplate":"https:\/\/www.axiom-genetics.com\/es\/?s={search_term_string}"},"query-input":{"@type":"PropertyValueSpecification","valueRequired":true,"valueName":"search_term_string"}}],"inLanguage":"es"},{"@type":"Organization","@id":"https:\/\/www.axiom-genetics.com\/es\/#organization","name":"Axiom","url":"https:\/\/www.axiom-genetics.com\/es\/","logo":{"@type":"ImageObject","inLanguage":"es","@id":"https:\/\/www.axiom-genetics.com\/es\/#\/schema\/logo\/image\/","url":"https:\/\/www.axiom-genetics.com\/wp-content\/uploads\/2025\/11\/SB_CMJN.png","contentUrl":"https:\/\/www.axiom-genetics.com\/wp-content\/uploads\/2025\/11\/SB_CMJN.png","width":5841,"height":2332,"caption":"Axiom"},"image":{"@id":"https:\/\/www.axiom-genetics.com\/es\/#\/schema\/logo\/image\/"},"sameAs":["https:\/\/www.facebook.com\/p\/Axiom-France-100064379400783\/","https:\/\/www.linkedin.com\/company\/18675597","https:\/\/www.instagram.com\/axiomfrance","https:\/\/www.youtube.com\/@Axiom-global"]}]}},"_links":{"self":[{"href":"https:\/\/www.axiom-genetics.com\/es\/wp-json\/wp\/v2\/zoom\/7012","targetHints":{"allow":["GET"]}}],"collection":[{"href":"https:\/\/www.axiom-genetics.com\/es\/wp-json\/wp\/v2\/zoom"}],"about":[{"href":"https:\/\/www.axiom-genetics.com\/es\/wp-json\/wp\/v2\/types\/zoom"}],"wp:featuredmedia":[{"embeddable":true,"href":"https:\/\/www.axiom-genetics.com\/es\/wp-json\/wp\/v2\/media\/340"}],"wp:attachment":[{"href":"https:\/\/www.axiom-genetics.com\/es\/wp-json\/wp\/v2\/media?parent=7012"}],"curies":[{"name":"wp","href":"https:\/\/api.w.org\/{rel}","templated":true}]}}