{"id":7017,"date":"2026-01-20T09:32:20","date_gmt":"2026-01-20T08:32:20","guid":{"rendered":"https:\/\/www.axiom-genetics.com\/?post_type=zoom&#038;p=7017"},"modified":"2026-01-20T09:32:21","modified_gmt":"2026-01-20T08:32:21","slug":"zoom-15-europejska-trasa-wynikow-i-referencji-z-knurem-valens","status":"publish","type":"zoom","link":"https:\/\/www.axiom-genetics.com\/pl\/zoom\/zoom-15-europejska-trasa-wynikow-i-referencji-z-knurem-valens\/","title":{"rendered":"[Zoom 15] Europejska trasa wynik\u00f3w i referencji z knurem Valens"},"content":{"rendered":"\n<div class=\"wp-block-group is-layout-constrained wp-block-group-is-layout-constrained\">\n<h2 class=\"wp-block-heading has-text-color has-link-color wp-elements-09fa25eaa0cfea6486f05fa36146a4e2\" style=\"color:#1a2140\"><strong>Przedstawiamy Valens<\/strong><\/h2>\n\n\n\n<div style=\"height:20px\" aria-hidden=\"true\" class=\"wp-block-spacer\"><\/div>\n\n\n\n<h3 class=\"wp-block-heading\">Valens, potwierdzona doskona\u0142o\u015b\u0107<\/h3>\n\n\n\n<p>Wprowadzony na rynek w 2020 roku knur Valens, kt\u00f3ry ma obecnie 10% udzia\u0142u w rynku, okazuje si\u0119 niezwykle popularny w\u015br\u00f3d hodowc\u00f3w we Francji, a tak\u017ce integrator\u00f3w i hodowc\u00f3w w Hiszpanii i Holandii.  <\/p>\n\n\n\n<p><strong>Ponad 400 dzik\u00f3w Valens jest obecnie obecnych we francuskich, hiszpa\u0144skich i holenderskich IAC.<\/strong>  Dzik Valens nadal rozwija si\u0119 na arenie mi\u0119dzynarodowej, w szczeg\u00f3lno\u015bci w Polsce, wraz z pojawieniem si\u0119 pierwszych dzik\u00f3w w AIC polskiej sp\u00f3\u0142ki zale\u017cnej Grupy.<\/p>\n\n\n\n<div style=\"height:30px\" aria-hidden=\"true\" class=\"wp-block-spacer\"><\/div>\n\n\n\n<div class=\"wp-block-group is-layout-grid wp-container-core-group-is-layout-1bf68da8 wp-block-group-is-layout-grid\">\n<div class=\"wp-block-group is-layout-constrained wp-block-group-is-layout-constrained\">\n<p class=\"has-text-align-center has-text-color has-link-color wp-elements-9b792b5ea57244c011dc750583350c43 wp-container-content-9cfa9a5a\" style=\"color:#a60165;font-size:36px\"><strong>200<\/strong><\/p>\n\n\n\n<p class=\"has-text-align-center wp-container-content-9cfa9a5a\">Dziki w CIA we Francji<\/p>\n<\/div>\n\n\n\n<div class=\"wp-block-group is-layout-constrained wp-block-group-is-layout-constrained\">\n<p class=\"has-text-align-center has-text-color has-link-color has-large-font-size wp-elements-2fdffcf249171a34ce7f9d44248b3a4e wp-container-content-9cfa9a5a\" style=\"color:#a60165\"><strong>130<\/strong><\/p>\n\n\n\n<p class=\"has-text-align-center wp-container-content-9cfa9a5a\">Dziki w CIA w Hiszpanii<\/p>\n<\/div>\n\n\n\n<div class=\"wp-block-group is-layout-constrained wp-block-group-is-layout-constrained\">\n<p class=\"has-text-align-center has-text-color has-link-color has-large-font-size wp-elements-0c9f7ad2d7754d180b9435b996bb4ab4 wp-container-content-9cfa9a5a\" style=\"color:#a60165\"><strong>70<\/strong><\/p>\n\n\n\n<p class=\"has-text-align-center wp-container-content-9cfa9a5a\">Dziki w CIA w Holandii<\/p>\n<\/div>\n<\/div>\n\n\n\n<div style=\"height:60px\" aria-hidden=\"true\" class=\"wp-block-spacer\"><\/div>\n\n\n\n<h3 class=\"wp-block-heading\">Kompletny knur NN, kt\u00f3ry \u0142\u0105czy w sobie silny wzrost, doskona\u0142e IC i TMP<\/h3>\n\n\n\n<p>100% NN, Valens to knur, kt\u00f3ry jest silnym polepszaczem pod wzgl\u0119dem konwersji paszy, GMQ i jako\u015bci tuszy, z bardzo precyzyjnymi kryteriami kwalifikacji.  <\/p>\n\n\n\n<p>Produkuje wysoce jednorodne, zgodne, odporne \u015bwinie o wysokim potencjale wzrostu i wydajno\u015bci paszowej. Wszystkie te cechy sprawiaj\u0105, \u017ce knur Valens jest produktem idealnie dopasowanym do potrzeb integrator\u00f3w i producent\u00f3w poszukuj\u0105cych rentowno\u015bci. <\/p>\n\n\n\n<div style=\"height:50px\" aria-hidden=\"true\" class=\"wp-block-spacer\"><\/div>\n\n\n\n<h3 class=\"wp-block-heading\">Valens, wysokowydajny dzik<\/h3>\n\n\n\n<div class=\"wp-block-group is-layout-grid wp-container-core-group-is-layout-8c0fce00 wp-block-group-is-layout-grid\">\n<p style=\"border: 1px solid #a60165; color: #a60165; text-align: center;\">100% NN<\/p>\n\n\n\n<p style=\"border: 1px solid #a60165; color: #a60165; text-align: center;\">Wzrost<\/p>\n\n\n\n<p style=\"border: 1px solid #a60165; color: #a60165; text-align: center;\">Wydajno\u015b\u0107 \u017cywno\u015bci<\/p>\n\n\n\n<p style=\"border: 1px solid #a60165; color: #a60165; text-align: center;\">Tusza<\/p>\n\n\n\n<p style=\"border: 1px solid #a60165; color: #a60165; text-align: center;\">Jednorodne, zgodne \u015bwinie<\/p>\n\n\n\n<p style=\"border: 1px solid #a60165; color: #a60165; text-align: center;\">Rynek standardowy i rynek ca\u0142ych m\u0119\u017cczyzn<\/p>\n<\/div>\n\n\n\n<div style=\"height:50px\" aria-hidden=\"true\" class=\"wp-block-spacer\"><\/div>\n\n\n\n<h3 class=\"wp-block-heading\">Wybieraj\u0105c Valens, masz gwarancj\u0119 :<\/h3>\n\n\n\n<div style=\"height:20px\" aria-hidden=\"true\" class=\"wp-block-spacer\"><\/div>\n\n\n\n<div class=\"wp-block-group is-layout-grid wp-container-core-group-is-layout-9649a0d9 wp-block-group-is-layout-grid\">\n<div class=\"wp-block-group is-vertical is-content-justification-center is-layout-flex wp-container-core-group-is-layout-4b2eccd6 wp-block-group-is-layout-flex\">\n<figure class=\"wp-block-image size-large is-resized\"><img loading=\"lazy\" decoding=\"async\" width=\"60\" height=\"60\" src=\"https:\/\/www.axiom-genetics.com\/wp-content\/uploads\/2025\/07\/Fichier-2510.svg\" alt=\"\" class=\"wp-image-6239\" style=\"aspect-ratio:1;object-fit:contain;width:60px\"\/><\/figure>\n\n\n\n<p class=\"has-text-align-center wp-container-content-9cfa9a5a\"><br\/>Doskona\u0142e GMQ dla tuczu<\/p>\n<\/div>\n\n\n\n<div class=\"wp-block-group is-vertical is-content-justification-center is-layout-flex wp-container-core-group-is-layout-4b2eccd6 wp-block-group-is-layout-flex\">\n<figure class=\"wp-block-image size-large is-resized\"><img loading=\"lazy\" decoding=\"async\" width=\"59\" height=\"59\" src=\"https:\/\/www.axiom-genetics.com\/wp-content\/uploads\/2025\/07\/Fichier-2488.svg\" alt=\"\" class=\"wp-image-6107\" style=\"aspect-ratio:1;object-fit:contain;width:60px\"\/><\/figure>\n\n\n\n<p class=\"has-text-align-center wp-container-content-9cfa9a5a\"><br\/>Jednorodne, dobrze uformowane \u015bwinie<\/p>\n<\/div>\n\n\n\n<div class=\"wp-block-group is-vertical is-content-justification-center is-layout-flex wp-container-core-group-is-layout-4b2eccd6 wp-block-group-is-layout-flex\">\n<figure class=\"wp-block-image size-large is-resized\"><img loading=\"lazy\" decoding=\"async\" width=\"60\" height=\"60\" src=\"https:\/\/www.axiom-genetics.com\/wp-content\/uploads\/2025\/07\/Fichier-2511.svg\" alt=\"\" class=\"wp-image-6245\" style=\"aspect-ratio:1;object-fit:contain;width:60px\"\/><\/figure>\n\n\n\n<p class=\"has-text-align-center wp-container-content-9cfa9a5a\"><br\/>Niskie koszty paszy<\/p>\n<\/div>\n\n\n\n<div class=\"wp-block-group is-vertical is-content-justification-center is-layout-flex wp-container-core-group-is-layout-4b2eccd6 wp-block-group-is-layout-flex\">\n<figure class=\"wp-block-image size-large is-resized\"><img loading=\"lazy\" decoding=\"async\" width=\"60\" height=\"60\" src=\"https:\/\/www.axiom-genetics.com\/wp-content\/uploads\/2025\/07\/Fichier-2523.svg\" alt=\"\" class=\"wp-image-6317\" style=\"aspect-ratio:1;object-fit:contain;width:60px\"\/><\/figure>\n\n\n\n<p class=\"has-text-align-center wp-container-content-9cfa9a5a\"><br\/>Gwarantowana rentowno\u015b\u0107<\/p>\n<\/div>\n<\/div>\n\n\n\n<div style=\"height:50px\" aria-hidden=\"true\" class=\"wp-block-spacer\"><\/div>\n\n\n\n<figure class=\"wp-block-image size-full\"><img loading=\"lazy\" decoding=\"async\" width=\"2000\" height=\"1333\" src=\"https:\/\/www.axiom-genetics.com\/wp-content\/uploads\/2025\/09\/DSCF5259_2_11zon-min-e1758023567884.webp\" alt=\"\" class=\"wp-image-6579\"\/><\/figure>\n\n\n\n<div style=\"height:80px\" aria-hidden=\"true\" class=\"wp-block-spacer\"><\/div>\n<\/div>\n\n<div class=\"wp-block-group is-layout-constrained wp-block-group-is-layout-constrained\">\n<h2 class=\"wp-block-heading has-text-color has-link-color wp-elements-3094b82fb75127855cd1c67fa0e6f75a\" style=\"color:#1a2140\"><strong>Za kulisami selekcji genetycznej Valensa<\/strong><\/h2>\n\n\n\n<div style=\"height:20px\" aria-hidden=\"true\" class=\"wp-block-spacer\"><\/div>\n\n\n\n<div class=\"wp-block-group is-content-justification-center is-nowrap is-layout-flex wp-container-core-group-is-layout-94bc23d7 wp-block-group-is-layout-flex\">\n<figure class=\"wp-block-image size-full is-resized\"><img loading=\"lazy\" decoding=\"async\" width=\"1805\" height=\"2885\" src=\"https:\/\/www.axiom-genetics.com\/wp-content\/uploads\/2025\/09\/Guillaume-LENOIR_5_11zon-min.webp\" alt=\"\" class=\"wp-image-6549\" style=\"width:200px\"\/><\/figure>\n<\/div>\n\n\n\n<div style=\"height:40px\" aria-hidden=\"true\" class=\"wp-block-spacer\"><\/div>\n\n\n\n<h3 class=\"wp-block-heading\"><strong>Guillaume Lenoir, dyrektor genetyczny, Axiom<\/strong><\/h3>\n\n\n\n<h4 class=\"wp-block-heading\">Du\u017ca ilo\u015b\u0107 danych zapewniaj\u0105ca wysok\u0105 wydajno\u015b\u0107 selekcji<\/h4>\n\n\n\n<p>Knur Valens korzysta z precyzyjnej, wydajnej i innowacyjnej selekcji pod k\u0105tem CI, wzrostu i tuszy. Dzi\u0119ki ponad 650 karmnikom na ca\u0142ym \u015bwiecie monitorujemy du\u017c\u0105 liczb\u0119 knur\u00f3w, co pozwala nam oceni\u0107 potencja\u0142 genetyczny w szerokim zakresie \u015brodowisk. Naszym celem jest selekcja zwierz\u0105t o najlepszej wydajno\u015bci \u017cywieniowej, niezale\u017cnie od rodzaju paszy i kontekstu hodowlanego.  <\/p>\n\n\n\n<h4 class=\"wp-block-heading\">Innowacyjne kryterium opracowane przez Axiom<\/h4>\n\n\n\n<p>Aby osi\u0105gn\u0105\u0107 ten cel, wybieramy na podstawie \u015bredniego dziennego przyrostu skorygowanego o \u015brednie dzienne spo\u017cycie i wzrost w tuczu. Takie podej\u015bcie pozwala nam zidentyfikowa\u0107 zwierz\u0119ta o najlepszym wska\u017aniku wzrostu i spo\u017cycia w fazie tuczu. <\/p>\n\n\n\n<h4 class=\"wp-block-heading\">Nowe innowacje w hodowli na rzecz wydajno\u015bci pasz<\/h4>\n\n\n\n<p>We wsp\u00f3\u0142pracy z INRAE i IFIP pracujemy nad wdro\u017ceniem innowacyjnego protoko\u0142u fenotypowania wydajno\u015bci trawienia w skali pojedynczych \u015bwi\u0144. Ten nowy fenotyp, zbierany rutynowo, ostatecznie zwi\u0119kszy skuteczno\u015b\u0107 naszej selekcji CI i dostarczy nowych informacji na temat zdolno\u015bci trawiennych zwierz\u0105t do maksymalnego wykorzystania r\u00f3\u017cnych rodzaj\u00f3w paszy. Jednocze\u015bnie rozwijamy r\u00f3wnie\u017c gromadzenie biomarker\u00f3w krwi w celu identyfikacji zwierz\u0105t o wi\u0119kszym potencjale wydajno\u015bci paszy na wczesnym etapie. Te innowacje pozwol\u0105 nam przyspieszy\u0107 post\u0119p genetyczny knur\u00f3w Valens pod wzgl\u0119dem wydajno\u015bci i odporno\u015bci na pasz\u0119.   <\/p>\n\n\n\n<h4 class=\"wp-block-heading\">Solidno\u015b\u0107 w sercu naszej strategii selekcji<\/h4>\n\n\n\n<p>AXIOM pracuje r\u00f3wnie\u017c nad integracj\u0105 kryteri\u00f3w selekcji zwi\u0105zanych z odporno\u015bci\u0105, aby wybra\u0107 \u015bwinie, kt\u00f3re s\u0105 coraz bardziej wytrzyma\u0142e i odporne. Jednocze\u015bnie zwracamy szczeg\u00f3ln\u0105 uwag\u0119 na witalno\u015b\u0107 prosi\u0105t po urodzeniu, kryterium zintegrowane z naszym celem selekcji. <\/p>\n\n\n\n<div style=\"height:50px\" aria-hidden=\"true\" class=\"wp-block-spacer\"><\/div>\n\n\n\n<figure class=\"wp-block-image size-full\"><img loading=\"lazy\" decoding=\"async\" width=\"2000\" height=\"1333\" src=\"https:\/\/www.axiom-genetics.com\/wp-content\/uploads\/2025\/09\/DSCF4770_3_11zon-min-e1758023306499.webp\" alt=\"\" class=\"wp-image-6537\"\/><\/figure>\n\n\n\n<div style=\"height:80px\" aria-hidden=\"true\" class=\"wp-block-spacer\"><\/div>\n<\/div>\n\n<div class=\"wp-block-group is-layout-constrained wp-block-group-is-layout-constrained\">\n<h2 class=\"wp-block-heading has-text-color has-link-color wp-elements-b54b9245c11a8219f2b5ea8683ec1c74\" style=\"color:#1a2140\"><strong>Wydajno\u015b\u0107 i rozw\u00f3j<\/strong><\/h2>\n\n\n\n<h3 class=\"wp-block-heading\">Jaki post\u0119p genetyczny we wzro\u015bcie i CI dla Valensa?  <\/h3>\n\n\n\n<p>Trendy genetyczne podkre\u015blaj\u0105 post\u0119p dokonany w ci\u0105gu ostatnich 4 lat w zakresie wydajno\u015bci paszy (IC) i wzrostu <sub>(GMQCMJ<\/sub>), z przyspieszeniem w ci\u0105gu ostatniego roku.  <\/p>\n\n\n\n<p>Zysk genetyczny w wysoko\u015bci jednego odchylenia standardowego w ci\u0105gu 4 lat dla ka\u017cdego z kryteri\u00f3w ilustruje ambitn\u0105 i zr\u00f3wnowa\u017con\u0105 strategi\u0119 selekcji Grupy AXIOM dla linii Valens.<\/p>\n\n\n\n<div style=\"height:50px\" aria-hidden=\"true\" class=\"wp-block-spacer\"><\/div>\n\n\n\n<figure class=\"wp-block-image size-full\"><img loading=\"lazy\" decoding=\"async\" width=\"840\" height=\"505\" src=\"https:\/\/www.axiom-genetics.com\/wp-content\/uploads\/2025\/09\/Evolution-de-lic-et-du-gmqcmj-sur-4-ans_11zon.webp\" alt=\"Wykres przedstawiaj&#x105;cy zmiany CI i GMQcmd dla Valens w ci&#x105;gu 4 lat\" class=\"wp-image-6591\"\/><figcaption class=\"wp-element-caption\">Wykres przedstawiaj\u0105cy zmiany CI i GMQcmd dla Valens w ci\u0105gu 4 lat<\/figcaption><\/figure>\n\n\n\n<div style=\"height:60px\" aria-hidden=\"true\" class=\"wp-block-spacer\"><\/div>\n\n\n\n<h3 class=\"wp-block-heading\">Wydajno\u015b\u0107 w terenie  <\/h3>\n\n\n\n<div style=\"height:20px\" aria-hidden=\"true\" class=\"wp-block-spacer\"><\/div>\n\n\n\n<h4 class=\"wp-block-heading\">Skoncentruj si\u0119 na 5 najbardziej aktywnych dzikach<\/h4>\n\n\n\n<figure class=\"wp-block-table is-style-stripes has-small-font-size\"><table><thead><tr><th>Kryteria<\/th><th class=\"has-text-align-center\" data-align=\"center\">Top 5 dzik\u00f3w<\/th><\/tr><\/thead><tbody><tr><td>GMQ (g)<\/td><td class=\"has-text-align-center\" data-align=\"center\">1 230<\/td><\/tr><tr><td>Smalec przy 100 kg (mm)<\/td><td class=\"has-text-align-center\" data-align=\"center\">5,5<\/td><\/tr><tr><td>Mi\u0119\u015bnie przy 100 kg (mm)<\/td><td class=\"has-text-align-center\" data-align=\"center\">74,6<\/td><\/tr><tr><td>IC<\/td><td class=\"has-text-align-center\" data-align=\"center\">1,96<\/td><\/tr><\/tbody><\/table><figcaption class=\"wp-element-caption\">Knury o wysokim potencjale wzrostu, wsp\u00f3\u0142czynniku konwersji paszy, tuszy i wydajno\u015bci!<\/figcaption><\/figure>\n\n\n\n<div style=\"height:50px\" aria-hidden=\"true\" class=\"wp-block-spacer\"><\/div>\n\n\n\n<h4 class=\"wp-block-heading\">Podsumowanie wynik\u00f3w uboju w 2024 r.<\/h4>\n\n\n\n<div style=\"height:20px\" aria-hidden=\"true\" class=\"wp-block-spacer\"><\/div>\n\n\n\n<figure class=\"wp-block-table is-style-stripes has-small-font-size\"><table><thead><tr><th>Kryteria<\/th><th class=\"has-text-align-center\" data-align=\"center\">Wykastrowane samce<\/th><th class=\"has-text-align-center\" data-align=\"center\">Ca\u0142e samce<\/th><\/tr><\/thead><tbody><tr><td>Masa na gor\u0105co (kg)<\/td><td class=\"has-text-align-center\" data-align=\"center\">96,0<\/td><td class=\"has-text-align-center\" data-align=\"center\">95,2<\/td><\/tr><tr><td>TMP<\/td><td class=\"has-text-align-center\" data-align=\"center\">61,5<\/td><td class=\"has-text-align-center\" data-align=\"center\">62,3<\/td><\/tr><tr><td>Smalec przy 100 kg (mm)<\/td><td class=\"has-text-align-center\" data-align=\"center\">13,1<\/td><td class=\"has-text-align-center\" data-align=\"center\">11,7<\/td><\/tr><tr><td>Mi\u0119\u015bnie przy 100 kg (mm)<\/td><td class=\"has-text-align-center\" data-align=\"center\">78,6<\/td><td class=\"has-text-align-center\" data-align=\"center\">77,1<\/td><\/tr><tr><td>Zakres warto\u015bci dodanej<\/td><td class=\"has-text-align-center\" data-align=\"center\">16,5<\/td><td class=\"has-text-align-center\" data-align=\"center\">17,3<\/td><\/tr><\/tbody><\/table><figcaption class=\"wp-element-caption\">Gwarantowana jako\u015b\u0107 tuszy i wydajno\u015b\u0107! &#8211; Dane zaokr\u0105glone do jednej trzeciej <\/figcaption><\/figure>\n<\/div>\n\n<div style=\"height:80px\" aria-hidden=\"true\" class=\"wp-block-spacer\"><\/div>\n\n<div class=\"wp-block-group is-layout-constrained wp-block-group-is-layout-constrained\">\n<h2 class=\"wp-block-heading has-text-color has-link-color wp-elements-d116c583ae7cb461a494629c92d45c20\" style=\"color:#1a2140\"><strong>\u015awiadectwa<\/strong><\/h2>\n\n\n\n<div class=\"wp-block-group is-layout-constrained wp-block-group-is-layout-constrained\">\n<h3 class=\"wp-block-heading\">FERME DE KER ANGEL &#8211; FRANCJA<\/h3>\n\n\n\n<div style=\"height:20px\" aria-hidden=\"true\" class=\"wp-block-spacer\"><\/div>\n\n\n\n<div class=\"wp-block-media-text is-stacked-on-mobile is-image-fill-element\"><figure class=\"wp-block-media-text__media\"><img loading=\"lazy\" decoding=\"async\" width=\"1297\" height=\"1763\" src=\"https:\/\/www.axiom-genetics.com\/wp-content\/uploads\/2025\/09\/20250325_181508_1_11zon-min-e1758023984740.webp\" alt=\"\" class=\"wp-image-6525 size-full\" style=\"object-position:50% 50%\"\/><\/figure><div class=\"wp-block-media-text__content\">\n<div style=\"height:10px\" aria-hidden=\"true\" class=\"wp-block-spacer\"><\/div>\n\n\n\n<p>Weaner &#8211; Feeder<br\/>Genetyka Ad\u00e9nia X Valens<br\/>Obecno\u015b\u0107 300 loch<br\/>35,5 prosi\u0105t odsadzonych \/ loch\u0119 \/ rok<br\/>Zarz\u0105dzanie 4 pasma po 70, odsadzenie 28 dni<\/p>\n<\/div><\/div>\n\n\n\n<div class=\"wp-block-group is-layout-constrained wp-block-group-is-layout-constrained\">\n<div style=\"height:20px\" aria-hidden=\"true\" class=\"wp-block-spacer\"><\/div>\n\n\n\n<h4 class=\"wp-block-heading\"><strong>Specyficzne cechy hodowli zwierz\u0105t<\/strong><\/h4>\n\n\n\n<div class=\"wp-block-group is-layout-grid wp-container-core-group-is-layout-9649a0d9 wp-block-group-is-layout-grid\">\n<p class=\"has-text-align-center has-white-color has-text-color has-background has-link-color wp-elements-b3a876c171d5bd8b236a40f3e493db2a wp-container-content-d8344436\" style=\"background-color:#1a2140\">Macierzy\u0144stwo w pude\u0142kach wolno\u015bci<\/p>\n\n\n\n<p class=\"has-text-align-center has-white-color has-text-color has-background has-link-color wp-elements-f201657935cce7ca5b91347c878f76e1 wp-container-content-d8344436\" style=\"background-color:#1a2140\">Tucz na s\u0142omie<\/p>\n\n\n\n<p class=\"has-text-align-center has-white-color has-text-color has-background has-link-color wp-elements-78a734fe00f8e67067de337ec219ec00 wp-container-content-d8344436\" style=\"background-color:#1a2140\">Ca\u0142e samce<\/p>\n\n\n\n<p class=\"has-text-align-center has-white-color has-text-color has-background has-link-color wp-elements-5a043ecdbedc59e7483b00489283ab27 wp-container-content-d8344436\" style=\"background-color:#1a2140\">D\u0142ugie ogony<\/p>\n\n\n\n<p class=\"has-text-align-center has-white-color has-text-color has-background has-link-color wp-elements-66f160fc96383155cd798bed71e6993f wp-container-content-d8344436\" style=\"background-color:#1a2140\">Hodowane bez antybiotyk\u00f3w<\/p>\n\n\n\n<p class=\"has-text-align-center has-white-color has-text-color has-background has-link-color wp-elements-bce0d53219a0592aa7abe271d30bde13 wp-container-content-d8344436\" style=\"background-color:#1a2140\">\u017bywno\u015b\u0107 Ad Libitum<\/p>\n<\/div>\n\n\n\n<div style=\"height:70px\" aria-hidden=\"true\" class=\"wp-block-spacer\"><\/div>\n<\/div>\n\n\n\n<div class=\"wp-block-group is-layout-constrained wp-block-group-is-layout-constrained\">\n<h4 class=\"wp-block-heading\"><strong>Wywiad z Benjaminem Lefeuvre&#8217;em i Laurentem Dartoisem<\/strong><\/h4>\n\n\n\n<div style=\"height:20px\" aria-hidden=\"true\" class=\"wp-block-spacer\"><\/div>\n\n\n\n<p>&#8222;Jeste\u015bmy bardzo zadowoleni z knura Valens. Na oddziale po\u0142o\u017cniczym odsadzamy dobre mioty z wysokiej jako\u015bci prosi\u0119tami, kt\u00f3re zaczynaj\u0105 bardzo dobrze po odsadzeniu: <strong>555 g GMQ po odsadzeniu \u015brednio w ci\u0105gu 1 roku dla 14,5 prosi\u0105t odsadzonych w miocie, przy \u015bredniej wadze 7,6 kg!<\/strong> <\/p>\n\n\n\n<p><br\/>Do tuczu stosujemy pasz\u0119 ad libitum i s\u0142om\u0119. Potomstwo Valens ma dobre spo\u017cycie paszy i bardzo dobrze j\u0105 wykorzystuje. Ich wzrost i wsp\u00f3\u0142czynnik konwersji paszy s\u0105 doskona\u0142e i maj\u0105 dobry TMP.    <strong>Produkujemy partie o GMQ przekraczaj\u0105cym 1000 g i IC wynosz\u0105cym 2,4.<\/strong> <\/p>\n\n\n\n<p>Wreszcie, potomstwo Valensa jest hiper-homogeniczne, co jest imponuj\u0105ce. Valens jest r\u00f3wnie\u017c knurem, kt\u00f3ry bardzo dobrze radzi sobie z ca\u0142ymi samcami. Pomimo tuczu na s\u0142omie, kt\u00f3ry jest czynnikiem ryzyka, <strong>mamy 99,8% samc\u00f3w wolnych od zapachu.<\/strong>   <\/p>\n\n\n\n<div style=\"height:50px\" aria-hidden=\"true\" class=\"wp-block-spacer\"><\/div>\n<\/div>\n\n\n\n<div class=\"wp-block-group is-layout-constrained wp-block-group-is-layout-constrained\">\n<figure class=\"wp-block-image size-full is-style-default\"><img loading=\"lazy\" decoding=\"async\" width=\"1500\" height=\"1125\" src=\"https:\/\/www.axiom-genetics.com\/wp-content\/uploads\/2025\/09\/20250325_180207_13_11zon-min-e1758023274582.webp\" alt=\"\" class=\"wp-image-6519\" style=\"aspect-ratio:16\/9;object-fit:cover\"\/><\/figure>\n\n\n\n<div style=\"height:50px\" aria-hidden=\"true\" class=\"wp-block-spacer\"><\/div>\n\n\n\n<h4 class=\"wp-block-heading\"><strong>Para Ad\u00e9nia X Valens, wyst\u0119py<\/strong><\/h4>\n\n\n\n<div style=\"height:20px\" aria-hidden=\"true\" class=\"wp-block-spacer\"><\/div>\n\n\n\n<figure class=\"wp-block-table is-style-stripes has-small-font-size\"><table><thead><tr><th>Kryteria<\/th><th class=\"has-text-align-center\" data-align=\"center\">Dane<\/th><\/tr><\/thead><tbody><tr><td>Liczba \u015bwi\u0144<\/td><td class=\"has-text-align-center\" data-align=\"center\">2 067<\/td><\/tr><tr><td>Waga (wej\u015bciowa, kg)<\/td><td class=\"has-text-align-center\" data-align=\"center\">33,3<\/td><\/tr><tr><td>Waga (wydajno\u015b\u0107, kg)<\/td><td class=\"has-text-align-center\" data-align=\"center\">126,7<\/td><\/tr><tr><td>Wska\u017anik utraty tuczu (%)<\/td><td class=\"has-text-align-center\" data-align=\"center\">2,0<\/td><\/tr><tr><td>Liczba dni (dni)<\/td><td class=\"has-text-align-center\" data-align=\"center\">91<\/td><\/tr><tr><td>Techniczne GMQ 30-115 (g\/d)<\/td><td class=\"has-text-align-center\" data-align=\"center\">1 030<\/td><\/tr><tr><td>CI 30-445 (kg\/kg)<\/td><td class=\"has-text-align-center\" data-align=\"center\">2,40*<\/td><\/tr><tr><td>TMP<\/td><td class=\"has-text-align-center\" data-align=\"center\">60,3<\/td><\/tr><\/tbody><\/table><figcaption class=\"wp-element-caption\">Podsumowanie wynik\u00f3w hodowli, <br\/>* Tucz na s\u0142omie zmniejsza indeks o oko\u0142o 0,25. Mo\u017cemy zatem oszacowa\u0107 indeks 30-115 na 2,15, je\u015bli \u015bwinie by\u0142y tuczone na rusztach. <\/figcaption><\/figure>\n\n\n\n<div style=\"height:80px\" aria-hidden=\"true\" class=\"wp-block-spacer\"><\/div>\n<\/div>\n<\/div>\n\n\n\n<div class=\"wp-block-group is-layout-constrained wp-block-group-is-layout-constrained\">\n<h3 class=\"wp-block-heading\">CIA SPERMATICA &#8211; HISZPANIA<\/h3>\n\n\n\n<div style=\"height:20px\" aria-hidden=\"true\" class=\"wp-block-spacer\"><\/div>\n\n\n\n<div class=\"wp-block-media-text is-stacked-on-mobile is-image-fill-element\"><figure class=\"wp-block-media-text__media\"><img loading=\"lazy\" decoding=\"async\" width=\"1500\" height=\"2000\" src=\"https:\/\/www.axiom-genetics.com\/wp-content\/uploads\/2025\/09\/WhatsApp-Image-2024-10-24-at-09.42.34_9_11zon-min-e1758023361342.webp\" alt=\"\" class=\"wp-image-6573 size-full\" style=\"object-position:50% 86%\"\/><\/figure><div class=\"wp-block-media-text__content\">\n<p>CIA Spermatica<br\/>170 knur\u00f3w <br\/>130 Valens<\/p>\n<\/div><\/div>\n\n\n\n<div style=\"height:50px\" aria-hidden=\"true\" class=\"wp-block-spacer\"><\/div>\n\n\n\n<figure class=\"wp-block-image size-full is-resized\"><img loading=\"lazy\" decoding=\"async\" width=\"1599\" height=\"682\" src=\"https:\/\/www.axiom-genetics.com\/wp-content\/uploads\/2025\/09\/3_4_11zon-min-e1758025942714.webp\" alt=\"\" class=\"wp-image-6609\" style=\"aspect-ratio:16\/9;object-fit:cover;width:auto;height:600px\"\/><\/figure>\n\n\n\n<div class=\"wp-block-group is-layout-constrained wp-block-group-is-layout-constrained\">\n<div style=\"height:60px\" aria-hidden=\"true\" class=\"wp-block-spacer\"><\/div>\n<\/div>\n\n\n\n<div class=\"wp-block-group is-layout-constrained wp-block-group-is-layout-constrained\">\n<h4 class=\"wp-block-heading\"><strong>Zeznanie Joan Sans, mened\u017cera<\/strong><\/h4>\n\n\n\n<div style=\"height:20px\" aria-hidden=\"true\" class=\"wp-block-spacer\"><\/div>\n\n\n\n<h5 class=\"wp-block-heading\">Jakie s\u0105 mocne strony knur\u00f3w Valens dla hiszpa\u0144skich producent\u00f3w?  <\/h5>\n\n\n\n<p>&#8222;Pierwsz\u0105 mocn\u0105 stron\u0105 Valens jest jej wzrost.  <strong>Niekt\u00f3rzy hiszpa\u0144scy producenci uzyskuj\u0105 od 18 do 22 dni wieku ubojowego przy jednoczesnym utrzymaniu masy tuszy.  <\/strong>W Hiszpanii zintegrowane tuczarnie s\u0105 bardzo drogie, wi\u0119c jest to ogromna zaleta.<\/p>\n\n\n\n<p><br\/>Drug\u0105 mocn\u0105 stron\u0105 jest bardzo wysoka zdolno\u015b\u0107 pobierania paszy. Lata w Hiszpanii s\u0105 bardzo gor\u0105ce, szczeg\u00f3lnie na po\u0142udniu, a potomstwo Valensa jest mniej dotkni\u0119te z powodu <strong>wysokiego spo\u017cycia paszy<\/strong>.<br\/>Wreszcie, wytrzyma\u0142o\u015b\u0107 jest trzeci\u0105 mocn\u0105 stron\u0105 Valensa, szczeg\u00f3lnie podczas tuczu. <strong>Odsetek strat w tuczu jest bardzo niski.<\/strong> Mamy klient\u00f3w ze wska\u017anikiem strat na poziomie 2,5%, w por\u00f3wnaniu z 5% w przypadku innych knur\u00f3w na rynku. <\/p>\n\n\n\n<h5 class=\"wp-block-heading\">Co hiszpa\u0144scy rze\u017anicy my\u015bl\u0105 o Valensie?<\/h5>\n\n\n\n<p>&#8222;W Hiszpanii rze\u017anicy naprawd\u0119 doceniaj\u0105 \u015bwinie Valens, poniewa\u017c s\u0105 one bardzo jednorodne. Tusze s\u0105 d\u0142u\u017csze, a waga szynki i \u0142opatki jest r\u00f3wnie\u017c wy\u017csza.<\/p>\n\n\n\n<div style=\"height:50px\" aria-hidden=\"true\" class=\"wp-block-spacer\"><\/div>\n<\/div>\n\n\n\n<div class=\"wp-block-group is-layout-constrained wp-block-group-is-layout-constrained\">\n<figure class=\"wp-block-image size-full is-style-default\"><img loading=\"lazy\" decoding=\"async\" width=\"1600\" height=\"1200\" src=\"https:\/\/www.axiom-genetics.com\/wp-content\/uploads\/2025\/09\/1_5_11zon-min.webp\" alt=\"\" class=\"wp-image-6597\" style=\"aspect-ratio:16\/9;object-fit:cover\"\/><\/figure>\n<\/div>\n\n\n\n<div style=\"height:90px\" aria-hidden=\"true\" class=\"wp-block-spacer\"><\/div>\n<\/div>\n\n\n\n<div class=\"wp-block-group is-layout-constrained wp-block-group-is-layout-constrained\">\n<h3 class=\"wp-block-heading\">W. BANKERS AGRO B.V. &#8211; HOLANDIA<\/h3>\n\n\n\n<div style=\"height:20px\" aria-hidden=\"true\" class=\"wp-block-spacer\"><\/div>\n\n\n\n<div class=\"wp-block-media-text is-stacked-on-mobile is-image-fill-element\"><figure class=\"wp-block-media-text__media\"><img loading=\"lazy\" decoding=\"async\" width=\"480\" height=\"640\" src=\"https:\/\/www.axiom-genetics.com\/wp-content\/uploads\/2025\/09\/IMG_2696_7_11zon-min.webp\" alt=\"\" class=\"wp-image-6561 size-full\" style=\"object-position:53% 44%\"\/><\/figure><div class=\"wp-block-media-text__content\">\n<p>Farrower<br\/>Post-weaner do 22 kg, odsadzenie 25 dni<br\/>1,500 loch<br\/>38 prosi\u0105t odsadzonych \/ loch\u0119 \/ rok<br\/>Genetyka: Ad\u00e9nia x Valens<br\/>Karmienie na sucho<\/p>\n<\/div><\/div>\n\n\n\n<div class=\"wp-block-group is-layout-constrained wp-block-group-is-layout-constrained\">\n<div style=\"height:50px\" aria-hidden=\"true\" class=\"wp-block-spacer\"><\/div>\n<\/div>\n\n\n\n<div class=\"wp-block-group is-layout-constrained wp-block-group-is-layout-constrained\">\n<h4 class=\"wp-block-heading\"><strong>Zeznanie Wilfreda Bankersa<\/strong><\/h4>\n\n\n\n<div style=\"height:20px\" aria-hidden=\"true\" class=\"wp-block-spacer\"><\/div>\n\n\n\n<blockquote class=\"wp-block-quote is-layout-flow wp-block-quote-is-layout-flow\">\n<p>&#8222;Dzi\u0119ki Valens mam jednorodne prosi\u0119ta od urodzenia, moja praca na oddziale po\u0142o\u017cniczym jest uproszczona i mamy wi\u0119cej spokoju, je\u015bli chodzi o wzrost na pocz\u0105tku okresu po odsadzeniu.<\/p>\n<\/blockquote>\n\n\n\n<h5 class=\"wp-block-heading\">Dlaczego Valens?  <\/h5>\n\n\n\n<p>&#8222;Szuka\u0142em kompletnego knura, kt\u00f3ry poprawi\u0142by jako\u015b\u0107 prosi\u0105t od urodzenia do sprzeda\u017cy. Chcemy bardziej jednorodnych prosi\u0105t, aby u\u0142atwi\u0107 zarz\u0105dzanie partiami i poprawi\u0107 og\u00f3ln\u0105 jako\u015b\u0107 naszej produkcji&#8221;.<\/p>\n\n\n\n<p><\/p>\n\n\n\n<h5 class=\"wp-block-heading\">Jakie zmiany zauwa\u017cy\u0142e\u015b? Czy nast\u0105pi\u0142a poprawa u prosi\u0105t po urodzeniu lub po odsadzeniu? <\/h5>\n\n\n\n<p>&#8222;Ju\u017c od pierwszej partii zaobserwowali\u015bmy <strong>wyra\u017an\u0105 popraw\u0119: -10% martwych urodze\u0144 i -70% przepuklin.<\/strong> Jednorodno\u015b\u0107 po odsadzeniu jest sta\u0142a, z <strong>przerw\u0105 mniejsz\u0105 ni\u017c 7 dni<\/strong> mi\u0119dzy pierwszym a ostatnim prosi\u0119ciem wyj\u0119tym z partii. Zaobserwowali\u015bmy r\u00f3wnie\u017c <strong>popraw\u0119 tempa wzrostu do +40 g dziennie.<\/strong>  <\/p>\n\n\n\n<p><\/p>\n\n\n\n<h5 class=\"wp-block-heading\">W jaki spos\u00f3b usprawni\u0142o to codzienn\u0105 prac\u0119?<\/h5>\n\n\n\n<p>&#8222;Praca macierzy\u0144ska jest \u0142atwiejsza. Prosi\u0119ta szybko trafiaj\u0105 do wymion, gdy tylko si\u0119 urodz\u0105, wi\u0119c jest prawdziwa r\u00f3\u017cnica pod wzgl\u0119dem wigoru. <strong>Mniej opieki na oddziale po\u0142o\u017cniczym, mniej martwych urodze\u0144, praktycznie \u017cadnych poszukiwa\u0144, wi\u0119cej ciszy i spokoju.<\/strong> Prosi\u0119ta s\u0105 samodzielne, co pozwala nam skoncentrowa\u0107 si\u0119 na innych zadaniach i u\u0142atwia prac\u0119 moim pracownikom. <\/p>\n\n\n\n<p><\/p>\n\n\n\n<h5 class=\"wp-block-heading\">Jakie\u015b opinie od innych u\u017cytkownik\u00f3w Valens w Holandii?  <\/h5>\n\n\n\n<p>&#8222;Pierwsze wyniki z rynku holenderskiego s\u0105 zgodne z obietnicami. Valens zapewnia szybki wzrost, jednorodne potomstwo i ni\u017csze koszty \u017cywienia na kilogram przyrostu. Szybki przyrost masy cia\u0142a po odsadzeniu i wytrzyma\u0142o\u015b\u0107 potomstwa sprawiaj\u0105, \u017ce knur Valens <strong>jest idealnym rozwi\u0105zaniem dla holenderskich hodowc\u00f3w, a tak\u017ce hodowc\u00f3w zorientowanych na eksport na wymagaj\u0105ce rynki, takie jak Hiszpania i Niemcy.<\/strong>   <\/p>\n<\/div>\n\n\n\n<div style=\"height:70px\" aria-hidden=\"true\" class=\"wp-block-spacer\"><\/div>\n<\/div>\n\n\n\n<div class=\"wp-block-group is-layout-constrained wp-block-group-is-layout-constrained\">\n<h3 class=\"wp-block-heading\">CIA AXIOM POLSKA<\/h3>\n\n\n\n<div style=\"height:20px\" aria-hidden=\"true\" class=\"wp-block-spacer\"><\/div>\n\n\n\n<figure class=\"wp-block-gallery has-nested-images columns-default is-cropped wp-block-gallery-1 is-layout-flex wp-block-gallery-is-layout-flex\">\n<figure class=\"wp-block-image size-large\"><img loading=\"lazy\" decoding=\"async\" width=\"1200\" height=\"1803\" data-id=\"6567\" src=\"https:\/\/www.axiom-genetics.com\/wp-content\/uploads\/2025\/09\/Stan_8_11zon-min-e1758023344546.webp\" alt=\"\" class=\"wp-image-6567\"\/><\/figure>\n\n\n\n<figure class=\"wp-block-image size-large\"><img loading=\"lazy\" decoding=\"async\" width=\"1500\" height=\"998\" data-id=\"6501\" src=\"https:\/\/www.axiom-genetics.com\/wp-content\/uploads\/2025\/09\/DSC7727_10_11zon-min-e1758023237745.webp\" alt=\"\" class=\"wp-image-6501\"\/><\/figure>\n\n\n\n<figure class=\"wp-block-image size-large\"><img loading=\"lazy\" decoding=\"async\" width=\"1501\" height=\"1313\" data-id=\"6543\" src=\"https:\/\/www.axiom-genetics.com\/wp-content\/uploads\/2025\/09\/GOPR1034_4_11zon-min-e1758023319493.webp\" alt=\"\" class=\"wp-image-6543\"\/><\/figure>\n<\/figure>\n\n\n\n<div class=\"wp-block-group is-layout-constrained wp-block-group-is-layout-constrained\">\n<div style=\"height:50px\" aria-hidden=\"true\" class=\"wp-block-spacer\"><\/div>\n<\/div>\n\n\n\n<div class=\"wp-block-group is-layout-constrained wp-block-group-is-layout-constrained\">\n<h4 class=\"wp-block-heading\"><strong>Zeznanie Stanis\u0142awa Niemyjskiego<\/strong><\/h4>\n\n\n\n<div style=\"height:20px\" aria-hidden=\"true\" class=\"wp-block-spacer\"><\/div>\n\n\n\n<blockquote class=\"wp-block-quote is-layout-flow wp-block-quote-is-layout-flow\">\n<p>&#8222;Valens jest odpowiedzi\u0105 na rosn\u0105ce zapotrzebowanie rynku i stanowi idealn\u0105 alternatyw\u0119 dla knur\u00f3w Duroc.<\/p>\n<\/blockquote>\n\n\n\n<h5 class=\"wp-block-heading\">Jakie znaczenie ma dzik Valens dla polskiego rynku?<\/h5>\n\n\n\n<p>&#8222;Bior\u0105c pod uwag\u0119 obecn\u0105 polaryzacj\u0119 rynku, cieszymy si\u0119, \u017ce mo\u017cemy zaoferowa\u0107 knura Valens na polskim rynku, knura terminalnego, kt\u00f3ry niedawno przyby\u0142 do naszego centrum inseminacji i stanowi<strong> idealn\u0105 alternatyw\u0119 dla zmieniaj\u0105cych si\u0119 potrzeb rynku<\/strong>.<\/p>\n\n\n\n<p><br\/>Jego charakterystyczne cechy, w tym <strong>wysoki procent umi\u0119\u015bnienia, silny wzrost i doskona\u0142a konwersja paszy<\/strong>, sprawiaj\u0105, \u017ce knur ten jest optymalnym wyborem dla hodowc\u00f3w pragn\u0105cych zmaksymalizowa\u0107 wydajno\u015b\u0107. Niski wska\u017anik strat w tuczu stanowi r\u00f3wnie\u017c znacz\u0105c\u0105 korzy\u015b\u0107 ekonomiczn\u0105, przek\u0142adaj\u0105c si\u0119 na <strong>ni\u017csze koszty produkcji i zwi\u0119kszon\u0105 rentowno\u015b\u0107<\/strong>. <\/p>\n\n\n\n<p><br\/>Wreszcie, spokojny temperament i fenotyp Valensa, charakteryzuj\u0105cy si\u0119 <strong>imponuj\u0105c\u0105 d\u0142ugo\u015bci\u0105 schabu, mocnymi nogami, dobrze rozwini\u0119tymi szynkami i optymalnymi proporcjami podstawowych ci\u0119\u0107<\/strong>, sprawiaj\u0105, \u017ce jest to idealny wyb\u00f3r dla hodowc\u00f3w poszukuj\u0105cych wydajnych \u015bwi\u0144 rze\u017anych o doskona\u0142ej jako\u015bci tuszy. Jest to nowy produkt wysokiej jako\u015bci na polskim rynku. <\/p>\n\n\n\n<div style=\"height:80px\" aria-hidden=\"true\" class=\"wp-block-spacer\"><\/div>\n<\/div>\n\n\n\n<div class=\"wp-block-group is-layout-constrained wp-block-group-is-layout-constrained\">\n<figure class=\"wp-block-image size-full is-style-default\"><img loading=\"lazy\" decoding=\"async\" width=\"1500\" height=\"844\" src=\"https:\/\/www.axiom-genetics.com\/wp-content\/uploads\/2025\/09\/Centrum-Pozyskiwania-Nasienia-Prezentacja_2_11zon-min-e1758023296233.webp\" alt=\"\" class=\"wp-image-6531\" style=\"aspect-ratio:16\/9;object-fit:cover\"\/><\/figure>\n<\/div>\n<\/div>\n<\/div>\n","protected":false},"excerpt":{"rendered":"<p>Wprowadzony na rynek w 2020 roku i ju\u017c osi\u0105gaj\u0105cy 10% udzia\u0142u w rynku, odkryj Valens na nowo dzi\u0119ki jego wynikom i wydajno\u015bci, prezentacjom ekspert\u00f3w i referencjom producent\u00f3w i partner\u00f3w z ca\u0142ej Europy!  <\/p>\n","protected":false},"featured_media":338,"template":"","meta":{"_acf_changed":false,"_et_pb_use_builder":"","_et_pb_old_content":"","_et_gb_content_width":""},"class_list":["post-7017","zoom","type-zoom","status-publish","has-post-thumbnail","hentry"],"acf":[],"yoast_head":"<!-- This site is optimized with the Yoast SEO plugin v27.4 - https:\/\/yoast.com\/product\/yoast-seo-wordpress\/ -->\n<title>[Zoom 15] Europejska trasa koncertowa z Valensem: wyniki i referencje<\/title>\n<meta name=\"description\" content=\"Valens pod mikroskopem, z wynikami, wyst\u0119pami, rozmowami z ekspertami i referencjami od producent\u00f3w i partner\u00f3w z ca\u0142ej Europy!\" \/>\n<meta name=\"robots\" content=\"index, follow, max-snippet:-1, max-image-preview:large, max-video-preview:-1\" \/>\n<link rel=\"canonical\" href=\"https:\/\/www.axiom-genetics.com\/pl\/zoom\/zoom-15-europejska-trasa-wynikow-i-referencji-z-knurem-valens\/\" \/>\n<meta property=\"og:locale\" content=\"pl_PL\" \/>\n<meta property=\"og:type\" content=\"article\" \/>\n<meta property=\"og:title\" content=\"[Zoom 15] Europejska trasa koncertowa z Valensem: wyniki i referencje\" \/>\n<meta property=\"og:description\" content=\"Valens pod mikroskopem, z wynikami, wyst\u0119pami, rozmowami z ekspertami i referencjami od producent\u00f3w i partner\u00f3w z ca\u0142ej Europy!\" \/>\n<meta property=\"og:url\" content=\"https:\/\/www.axiom-genetics.com\/pl\/zoom\/zoom-15-europejska-trasa-wynikow-i-referencji-z-knurem-valens\/\" \/>\n<meta property=\"og:site_name\" content=\"Axiom\" \/>\n<meta property=\"article:publisher\" content=\"https:\/\/www.facebook.com\/p\/Axiom-France-100064379400783\/\" \/>\n<meta property=\"article:modified_time\" content=\"2026-01-20T08:32:21+00:00\" \/>\n<meta property=\"og:image\" content=\"https:\/\/www.axiom-genetics.com\/wp-content\/uploads\/2025\/07\/Zoom_25_03_RESULTATS_VALENS.webp\" \/>\n\t<meta property=\"og:image:width\" content=\"400\" \/>\n\t<meta property=\"og:image:height\" content=\"566\" \/>\n\t<meta property=\"og:image:type\" content=\"image\/webp\" \/>\n<meta name=\"twitter:card\" content=\"summary_large_image\" \/>\n<meta name=\"twitter:label1\" content=\"Szacowany czas czytania\" \/>\n\t<meta name=\"twitter:data1\" content=\"8 minut\" \/>\n<script type=\"application\/ld+json\" class=\"yoast-schema-graph\">{\"@context\":\"https:\\\/\\\/schema.org\",\"@graph\":[{\"@type\":\"WebPage\",\"@id\":\"https:\\\/\\\/www.axiom-genetics.com\\\/pl\\\/zoom\\\/zoom-15-europejska-trasa-wynikow-i-referencji-z-knurem-valens\\\/\",\"url\":\"https:\\\/\\\/www.axiom-genetics.com\\\/pl\\\/zoom\\\/zoom-15-europejska-trasa-wynikow-i-referencji-z-knurem-valens\\\/\",\"name\":\"[Zoom 15] Europejska trasa koncertowa z Valensem: wyniki i referencje\",\"isPartOf\":{\"@id\":\"https:\\\/\\\/www.axiom-genetics.com\\\/pl\\\/#website\"},\"primaryImageOfPage\":{\"@id\":\"https:\\\/\\\/www.axiom-genetics.com\\\/pl\\\/zoom\\\/zoom-15-europejska-trasa-wynikow-i-referencji-z-knurem-valens\\\/#primaryimage\"},\"image\":{\"@id\":\"https:\\\/\\\/www.axiom-genetics.com\\\/pl\\\/zoom\\\/zoom-15-europejska-trasa-wynikow-i-referencji-z-knurem-valens\\\/#primaryimage\"},\"thumbnailUrl\":\"https:\\\/\\\/www.axiom-genetics.com\\\/wp-content\\\/uploads\\\/2025\\\/07\\\/Zoom_25_03_RESULTATS_VALENS.webp\",\"datePublished\":\"2026-01-20T08:32:20+00:00\",\"dateModified\":\"2026-01-20T08:32:21+00:00\",\"description\":\"Valens pod mikroskopem, z wynikami, wyst\u0119pami, rozmowami z ekspertami i referencjami od producent\u00f3w i partner\u00f3w z ca\u0142ej Europy!\",\"breadcrumb\":{\"@id\":\"https:\\\/\\\/www.axiom-genetics.com\\\/pl\\\/zoom\\\/zoom-15-europejska-trasa-wynikow-i-referencji-z-knurem-valens\\\/#breadcrumb\"},\"inLanguage\":\"pl-PL\",\"potentialAction\":[{\"@type\":\"ReadAction\",\"target\":[\"https:\\\/\\\/www.axiom-genetics.com\\\/pl\\\/zoom\\\/zoom-15-europejska-trasa-wynikow-i-referencji-z-knurem-valens\\\/\"]}]},{\"@type\":\"ImageObject\",\"inLanguage\":\"pl-PL\",\"@id\":\"https:\\\/\\\/www.axiom-genetics.com\\\/pl\\\/zoom\\\/zoom-15-europejska-trasa-wynikow-i-referencji-z-knurem-valens\\\/#primaryimage\",\"url\":\"https:\\\/\\\/www.axiom-genetics.com\\\/wp-content\\\/uploads\\\/2025\\\/07\\\/Zoom_25_03_RESULTATS_VALENS.webp\",\"contentUrl\":\"https:\\\/\\\/www.axiom-genetics.com\\\/wp-content\\\/uploads\\\/2025\\\/07\\\/Zoom_25_03_RESULTATS_VALENS.webp\",\"width\":400,\"height\":566},{\"@type\":\"BreadcrumbList\",\"@id\":\"https:\\\/\\\/www.axiom-genetics.com\\\/pl\\\/zoom\\\/zoom-15-europejska-trasa-wynikow-i-referencji-z-knurem-valens\\\/#breadcrumb\",\"itemListElement\":[{\"@type\":\"ListItem\",\"position\":1,\"name\":\"Accueil\",\"item\":\"https:\\\/\\\/www.axiom-genetics.com\\\/pl\\\/\"},{\"@type\":\"ListItem\",\"position\":2,\"name\":\"[Zoom 15] Europejska trasa wynik\u00f3w i referencji z knurem Valens\"}]},{\"@type\":\"WebSite\",\"@id\":\"https:\\\/\\\/www.axiom-genetics.com\\\/pl\\\/#website\",\"url\":\"https:\\\/\\\/www.axiom-genetics.com\\\/pl\\\/\",\"name\":\"Axiom\",\"description\":\"G\u00e9n\u00e9tique porcine fran\u00e7aise\",\"publisher\":{\"@id\":\"https:\\\/\\\/www.axiom-genetics.com\\\/pl\\\/#organization\"},\"potentialAction\":[{\"@type\":\"SearchAction\",\"target\":{\"@type\":\"EntryPoint\",\"urlTemplate\":\"https:\\\/\\\/www.axiom-genetics.com\\\/pl\\\/?s={search_term_string}\"},\"query-input\":{\"@type\":\"PropertyValueSpecification\",\"valueRequired\":true,\"valueName\":\"search_term_string\"}}],\"inLanguage\":\"pl-PL\"},{\"@type\":\"Organization\",\"@id\":\"https:\\\/\\\/www.axiom-genetics.com\\\/pl\\\/#organization\",\"name\":\"Axiom\",\"url\":\"https:\\\/\\\/www.axiom-genetics.com\\\/pl\\\/\",\"logo\":{\"@type\":\"ImageObject\",\"inLanguage\":\"pl-PL\",\"@id\":\"https:\\\/\\\/www.axiom-genetics.com\\\/pl\\\/#\\\/schema\\\/logo\\\/image\\\/\",\"url\":\"https:\\\/\\\/www.axiom-genetics.com\\\/wp-content\\\/uploads\\\/2025\\\/11\\\/SB_CMJN.png\",\"contentUrl\":\"https:\\\/\\\/www.axiom-genetics.com\\\/wp-content\\\/uploads\\\/2025\\\/11\\\/SB_CMJN.png\",\"width\":5841,\"height\":2332,\"caption\":\"Axiom\"},\"image\":{\"@id\":\"https:\\\/\\\/www.axiom-genetics.com\\\/pl\\\/#\\\/schema\\\/logo\\\/image\\\/\"},\"sameAs\":[\"https:\\\/\\\/www.facebook.com\\\/p\\\/Axiom-France-100064379400783\\\/\",\"https:\\\/\\\/www.linkedin.com\\\/company\\\/18675597\",\"https:\\\/\\\/www.instagram.com\\\/axiomfrance\",\"https:\\\/\\\/www.youtube.com\\\/@Axiom-global\"]}]}<\/script>\n<!-- \/ Yoast SEO plugin. -->","yoast_head_json":{"title":"[Zoom 15] Europejska trasa koncertowa z Valensem: wyniki i referencje","description":"Valens pod mikroskopem, z wynikami, wyst\u0119pami, rozmowami z ekspertami i referencjami od producent\u00f3w i partner\u00f3w z ca\u0142ej Europy!","robots":{"index":"index","follow":"follow","max-snippet":"max-snippet:-1","max-image-preview":"max-image-preview:large","max-video-preview":"max-video-preview:-1"},"canonical":"https:\/\/www.axiom-genetics.com\/pl\/zoom\/zoom-15-europejska-trasa-wynikow-i-referencji-z-knurem-valens\/","og_locale":"pl_PL","og_type":"article","og_title":"[Zoom 15] Europejska trasa koncertowa z Valensem: wyniki i referencje","og_description":"Valens pod mikroskopem, z wynikami, wyst\u0119pami, rozmowami z ekspertami i referencjami od producent\u00f3w i partner\u00f3w z ca\u0142ej Europy!","og_url":"https:\/\/www.axiom-genetics.com\/pl\/zoom\/zoom-15-europejska-trasa-wynikow-i-referencji-z-knurem-valens\/","og_site_name":"Axiom","article_publisher":"https:\/\/www.facebook.com\/p\/Axiom-France-100064379400783\/","article_modified_time":"2026-01-20T08:32:21+00:00","og_image":[{"width":400,"height":566,"url":"https:\/\/www.axiom-genetics.com\/wp-content\/uploads\/2025\/07\/Zoom_25_03_RESULTATS_VALENS.webp","type":"image\/webp"}],"twitter_card":"summary_large_image","twitter_misc":{"Szacowany czas czytania":"8 minut"},"schema":{"@context":"https:\/\/schema.org","@graph":[{"@type":"WebPage","@id":"https:\/\/www.axiom-genetics.com\/pl\/zoom\/zoom-15-europejska-trasa-wynikow-i-referencji-z-knurem-valens\/","url":"https:\/\/www.axiom-genetics.com\/pl\/zoom\/zoom-15-europejska-trasa-wynikow-i-referencji-z-knurem-valens\/","name":"[Zoom 15] Europejska trasa koncertowa z Valensem: wyniki i referencje","isPartOf":{"@id":"https:\/\/www.axiom-genetics.com\/pl\/#website"},"primaryImageOfPage":{"@id":"https:\/\/www.axiom-genetics.com\/pl\/zoom\/zoom-15-europejska-trasa-wynikow-i-referencji-z-knurem-valens\/#primaryimage"},"image":{"@id":"https:\/\/www.axiom-genetics.com\/pl\/zoom\/zoom-15-europejska-trasa-wynikow-i-referencji-z-knurem-valens\/#primaryimage"},"thumbnailUrl":"https:\/\/www.axiom-genetics.com\/wp-content\/uploads\/2025\/07\/Zoom_25_03_RESULTATS_VALENS.webp","datePublished":"2026-01-20T08:32:20+00:00","dateModified":"2026-01-20T08:32:21+00:00","description":"Valens pod mikroskopem, z wynikami, wyst\u0119pami, rozmowami z ekspertami i referencjami od producent\u00f3w i partner\u00f3w z ca\u0142ej Europy!","breadcrumb":{"@id":"https:\/\/www.axiom-genetics.com\/pl\/zoom\/zoom-15-europejska-trasa-wynikow-i-referencji-z-knurem-valens\/#breadcrumb"},"inLanguage":"pl-PL","potentialAction":[{"@type":"ReadAction","target":["https:\/\/www.axiom-genetics.com\/pl\/zoom\/zoom-15-europejska-trasa-wynikow-i-referencji-z-knurem-valens\/"]}]},{"@type":"ImageObject","inLanguage":"pl-PL","@id":"https:\/\/www.axiom-genetics.com\/pl\/zoom\/zoom-15-europejska-trasa-wynikow-i-referencji-z-knurem-valens\/#primaryimage","url":"https:\/\/www.axiom-genetics.com\/wp-content\/uploads\/2025\/07\/Zoom_25_03_RESULTATS_VALENS.webp","contentUrl":"https:\/\/www.axiom-genetics.com\/wp-content\/uploads\/2025\/07\/Zoom_25_03_RESULTATS_VALENS.webp","width":400,"height":566},{"@type":"BreadcrumbList","@id":"https:\/\/www.axiom-genetics.com\/pl\/zoom\/zoom-15-europejska-trasa-wynikow-i-referencji-z-knurem-valens\/#breadcrumb","itemListElement":[{"@type":"ListItem","position":1,"name":"Accueil","item":"https:\/\/www.axiom-genetics.com\/pl\/"},{"@type":"ListItem","position":2,"name":"[Zoom 15] Europejska trasa wynik\u00f3w i referencji z knurem Valens"}]},{"@type":"WebSite","@id":"https:\/\/www.axiom-genetics.com\/pl\/#website","url":"https:\/\/www.axiom-genetics.com\/pl\/","name":"Axiom","description":"G\u00e9n\u00e9tique porcine fran\u00e7aise","publisher":{"@id":"https:\/\/www.axiom-genetics.com\/pl\/#organization"},"potentialAction":[{"@type":"SearchAction","target":{"@type":"EntryPoint","urlTemplate":"https:\/\/www.axiom-genetics.com\/pl\/?s={search_term_string}"},"query-input":{"@type":"PropertyValueSpecification","valueRequired":true,"valueName":"search_term_string"}}],"inLanguage":"pl-PL"},{"@type":"Organization","@id":"https:\/\/www.axiom-genetics.com\/pl\/#organization","name":"Axiom","url":"https:\/\/www.axiom-genetics.com\/pl\/","logo":{"@type":"ImageObject","inLanguage":"pl-PL","@id":"https:\/\/www.axiom-genetics.com\/pl\/#\/schema\/logo\/image\/","url":"https:\/\/www.axiom-genetics.com\/wp-content\/uploads\/2025\/11\/SB_CMJN.png","contentUrl":"https:\/\/www.axiom-genetics.com\/wp-content\/uploads\/2025\/11\/SB_CMJN.png","width":5841,"height":2332,"caption":"Axiom"},"image":{"@id":"https:\/\/www.axiom-genetics.com\/pl\/#\/schema\/logo\/image\/"},"sameAs":["https:\/\/www.facebook.com\/p\/Axiom-France-100064379400783\/","https:\/\/www.linkedin.com\/company\/18675597","https:\/\/www.instagram.com\/axiomfrance","https:\/\/www.youtube.com\/@Axiom-global"]}]}},"_links":{"self":[{"href":"https:\/\/www.axiom-genetics.com\/pl\/wp-json\/wp\/v2\/zoom\/7017","targetHints":{"allow":["GET"]}}],"collection":[{"href":"https:\/\/www.axiom-genetics.com\/pl\/wp-json\/wp\/v2\/zoom"}],"about":[{"href":"https:\/\/www.axiom-genetics.com\/pl\/wp-json\/wp\/v2\/types\/zoom"}],"wp:featuredmedia":[{"embeddable":true,"href":"https:\/\/www.axiom-genetics.com\/pl\/wp-json\/wp\/v2\/media\/338"}],"wp:attachment":[{"href":"https:\/\/www.axiom-genetics.com\/pl\/wp-json\/wp\/v2\/media?parent=7017"}],"curies":[{"name":"wp","href":"https:\/\/api.w.org\/{rel}","templated":true}]}}