{"id":7014,"date":"2026-01-20T09:32:20","date_gmt":"2026-01-20T08:32:20","guid":{"rendered":"https:\/\/www.axiom-genetics.com\/?post_type=zoom&#038;p=7014"},"modified":"2026-01-20T09:32:21","modified_gmt":"2026-01-20T08:32:21","slug":"zoom-15-turne-europeia-de-resultados-e-depoimentos-com-o-javali-da-valens","status":"publish","type":"zoom","link":"https:\/\/www.axiom-genetics.com\/pt-br\/zoom\/zoom-15-turne-europeia-de-resultados-e-depoimentos-com-o-javali-da-valens\/","title":{"rendered":"[Zoom 15] Turn\u00ea europeia de resultados e depoimentos com o javali da Valens"},"content":{"rendered":"\n<div class=\"wp-block-group is-layout-constrained wp-block-group-is-layout-constrained\">\n<h2 class=\"wp-block-heading has-text-color has-link-color wp-elements-b3e31e2ba47aa76af31582ff2d3333b0\" style=\"color:#1a2140\"><strong>Apresentando a Valens<\/strong><\/h2>\n\n\n\n<div style=\"height:20px\" aria-hidden=\"true\" class=\"wp-block-spacer\"><\/div>\n\n\n\n<h3 class=\"wp-block-heading\">Valens, excel\u00eancia validada<\/h3>\n\n\n\n<p>Lan\u00e7ado no mercado em 2020, o javali Valens, que agora tem uma participa\u00e7\u00e3o de mercado de 10%, est\u00e1 se mostrando extremamente popular entre os criadores na Fran\u00e7a, bem como entre integradores e criadores na Espanha e na Holanda.  <\/p>\n\n\n\n<p><strong>Atualmente, mais de 400 javalis Valens est\u00e3o presentes nos IACs da Fran\u00e7a, Espanha e Holanda.<\/strong>  O javali Valens continua a se desenvolver internacionalmente, especialmente na Pol\u00f4nia, com a chegada dos primeiros javalis no AIC da subsidi\u00e1ria polonesa do Grupo.<\/p>\n\n\n\n<div style=\"height:30px\" aria-hidden=\"true\" class=\"wp-block-spacer\"><\/div>\n\n\n\n<div class=\"wp-block-group is-layout-grid wp-container-core-group-is-layout-1bf68da8 wp-block-group-is-layout-grid\">\n<div class=\"wp-block-group is-layout-constrained wp-block-group-is-layout-constrained\">\n<p class=\"has-text-align-center has-text-color has-link-color wp-elements-9b792b5ea57244c011dc750583350c43 wp-container-content-9cfa9a5a\" style=\"color:#a60165;font-size:36px\"><strong>200<\/strong><\/p>\n\n\n\n<p class=\"has-text-align-center wp-container-content-9cfa9a5a\">Javalis na CIA na Fran\u00e7a<\/p>\n<\/div>\n\n\n\n<div class=\"wp-block-group is-layout-constrained wp-block-group-is-layout-constrained\">\n<p class=\"has-text-align-center has-text-color has-link-color has-large-font-size wp-elements-2fdffcf249171a34ce7f9d44248b3a4e wp-container-content-9cfa9a5a\" style=\"color:#a60165\"><strong>130<\/strong><\/p>\n\n\n\n<p class=\"has-text-align-center wp-container-content-9cfa9a5a\">Javalis na CIA na Espanha<\/p>\n<\/div>\n\n\n\n<div class=\"wp-block-group is-layout-constrained wp-block-group-is-layout-constrained\">\n<p class=\"has-text-align-center has-text-color has-link-color has-large-font-size wp-elements-0c9f7ad2d7754d180b9435b996bb4ab4 wp-container-content-9cfa9a5a\" style=\"color:#a60165\"><strong>70<\/strong><\/p>\n\n\n\n<p class=\"has-text-align-center wp-container-content-9cfa9a5a\">Javalis na CIA na Holanda<\/p>\n<\/div>\n<\/div>\n\n\n\n<div style=\"height:60px\" aria-hidden=\"true\" class=\"wp-block-spacer\"><\/div>\n\n\n\n<h3 class=\"wp-block-heading\">O javali NN completo que combina crescimento forte, excelente IC e TMP<\/h3>\n\n\n\n<p>100% NN, o Valens \u00e9 um javali que \u00e9 um forte melhorador em termos de convers\u00e3o alimentar, GMQ e qualidade de carca\u00e7a, com crit\u00e9rios de qualifica\u00e7\u00e3o muito precisos.  <\/p>\n\n\n\n<p>Produz su\u00ednos altamente homog\u00eaneos, conformes e resistentes, com alto potencial de crescimento e efici\u00eancia alimentar. Todas essas qualidades se combinam para tornar os varr\u00f5es Valens perfeitamente adequados \u00e0s necessidades dos integradores e produtores que buscam lucratividade. <\/p>\n\n\n\n<div style=\"height:50px\" aria-hidden=\"true\" class=\"wp-block-spacer\"><\/div>\n\n\n\n<h3 class=\"wp-block-heading\">Valens, um javali de alto desempenho<\/h3>\n\n\n\n<div class=\"wp-block-group is-layout-grid wp-container-core-group-is-layout-8c0fce00 wp-block-group-is-layout-grid\">\n<p style=\"border: 1px solid #a60165; color: #a60165; text-align: center;\">100% NN<\/p>\n\n\n\n<p style=\"border: 1px solid #a60165; color: #a60165; text-align: center;\">Crescimento<\/p>\n\n\n\n<p style=\"border: 1px solid #a60165; color: #a60165; text-align: center;\">Efici\u00eancia alimentar<\/p>\n\n\n\n<p style=\"border: 1px solid #a60165; color: #a60165; text-align: center;\">Carca\u00e7a<\/p>\n\n\n\n<p style=\"border: 1px solid #a60165; color: #a60165; text-align: center;\">Su\u00ednos homog\u00eaneos e em conformidade<\/p>\n\n\n\n<p style=\"border: 1px solid #a60165; color: #a60165; text-align: center;\">Mercados de homens padr\u00e3o e inteiros<\/p>\n<\/div>\n\n\n\n<div style=\"height:50px\" aria-hidden=\"true\" class=\"wp-block-spacer\"><\/div>\n\n\n\n<h3 class=\"wp-block-heading\">Quando voc\u00ea escolhe a Valens, voc\u00ea tem a garantia de :<\/h3>\n\n\n\n<div style=\"height:20px\" aria-hidden=\"true\" class=\"wp-block-spacer\"><\/div>\n\n\n\n<div class=\"wp-block-group is-layout-grid wp-container-core-group-is-layout-9649a0d9 wp-block-group-is-layout-grid\">\n<div class=\"wp-block-group is-vertical is-content-justification-center is-layout-flex wp-container-core-group-is-layout-4b2eccd6 wp-block-group-is-layout-flex\">\n<figure class=\"wp-block-image size-large is-resized\"><img loading=\"lazy\" decoding=\"async\" width=\"60\" height=\"60\" src=\"https:\/\/www.axiom-genetics.com\/wp-content\/uploads\/2025\/07\/Fichier-2510.svg\" alt=\"\" class=\"wp-image-6239\" style=\"aspect-ratio:1;object-fit:contain;width:60px\"\/><\/figure>\n\n\n\n<p class=\"has-text-align-center wp-container-content-9cfa9a5a\"><br\/>Excelente GMQ para engorda<\/p>\n<\/div>\n\n\n\n<div class=\"wp-block-group is-vertical is-content-justification-center is-layout-flex wp-container-core-group-is-layout-4b2eccd6 wp-block-group-is-layout-flex\">\n<figure class=\"wp-block-image size-large is-resized\"><img loading=\"lazy\" decoding=\"async\" width=\"59\" height=\"59\" src=\"https:\/\/www.axiom-genetics.com\/wp-content\/uploads\/2025\/07\/Fichier-2488.svg\" alt=\"\" class=\"wp-image-6107\" style=\"aspect-ratio:1;object-fit:contain;width:60px\"\/><\/figure>\n\n\n\n<p class=\"has-text-align-center wp-container-content-9cfa9a5a\"><br\/>Su\u00ednos homog\u00eaneos e bem formados<\/p>\n<\/div>\n\n\n\n<div class=\"wp-block-group is-vertical is-content-justification-center is-layout-flex wp-container-core-group-is-layout-4b2eccd6 wp-block-group-is-layout-flex\">\n<figure class=\"wp-block-image size-large is-resized\"><img loading=\"lazy\" decoding=\"async\" width=\"60\" height=\"60\" src=\"https:\/\/www.axiom-genetics.com\/wp-content\/uploads\/2025\/07\/Fichier-2511.svg\" alt=\"\" class=\"wp-image-6245\" style=\"aspect-ratio:1;object-fit:contain;width:60px\"\/><\/figure>\n\n\n\n<p class=\"has-text-align-center wp-container-content-9cfa9a5a\"><br\/>Baixos custos de alimenta\u00e7\u00e3o<\/p>\n<\/div>\n\n\n\n<div class=\"wp-block-group is-vertical is-content-justification-center is-layout-flex wp-container-core-group-is-layout-4b2eccd6 wp-block-group-is-layout-flex\">\n<figure class=\"wp-block-image size-large is-resized\"><img loading=\"lazy\" decoding=\"async\" width=\"60\" height=\"60\" src=\"https:\/\/www.axiom-genetics.com\/wp-content\/uploads\/2025\/07\/Fichier-2523.svg\" alt=\"\" class=\"wp-image-6317\" style=\"aspect-ratio:1;object-fit:contain;width:60px\"\/><\/figure>\n\n\n\n<p class=\"has-text-align-center wp-container-content-9cfa9a5a\"><br\/>Lucratividade garantida<\/p>\n<\/div>\n<\/div>\n\n\n\n<div style=\"height:50px\" aria-hidden=\"true\" class=\"wp-block-spacer\"><\/div>\n\n\n\n<figure class=\"wp-block-image size-full\"><img loading=\"lazy\" decoding=\"async\" width=\"2000\" height=\"1333\" src=\"https:\/\/www.axiom-genetics.com\/wp-content\/uploads\/2025\/09\/DSCF5259_2_11zon-min-e1758023567884.webp\" alt=\"\" class=\"wp-image-6579\"\/><\/figure>\n\n\n\n<div style=\"height:80px\" aria-hidden=\"true\" class=\"wp-block-spacer\"><\/div>\n<\/div>\n\n<div class=\"wp-block-group is-layout-constrained wp-block-group-is-layout-constrained\">\n<h2 class=\"wp-block-heading has-text-color has-link-color wp-elements-c09d32bb22304155e71b5503a03d0911\" style=\"color:#1a2140\"><strong>Nos bastidores da sele\u00e7\u00e3o gen\u00e9tica da Valens<\/strong><\/h2>\n\n\n\n<div style=\"height:20px\" aria-hidden=\"true\" class=\"wp-block-spacer\"><\/div>\n\n\n\n<div class=\"wp-block-group is-content-justification-center is-nowrap is-layout-flex wp-container-core-group-is-layout-94bc23d7 wp-block-group-is-layout-flex\">\n<figure class=\"wp-block-image size-full is-resized\"><img loading=\"lazy\" decoding=\"async\" width=\"1805\" height=\"2885\" src=\"https:\/\/www.axiom-genetics.com\/wp-content\/uploads\/2025\/09\/Guillaume-LENOIR_5_11zon-min.webp\" alt=\"\" class=\"wp-image-6549\" style=\"width:200px\"\/><\/figure>\n<\/div>\n\n\n\n<div style=\"height:40px\" aria-hidden=\"true\" class=\"wp-block-spacer\"><\/div>\n\n\n\n<h3 class=\"wp-block-heading\"><strong>Guillaume Lenoir, diretor de gen\u00e9tica da Axiom<\/strong><\/h3>\n\n\n\n<h4 class=\"wp-block-heading\">Uma grande quantidade de dados para sele\u00e7\u00e3o de alto desempenho<\/h4>\n\n\n\n<p>O javali da Valens se beneficia de uma sele\u00e7\u00e3o precisa, inovadora e de alto desempenho para IC, crescimento e carca\u00e7a. Com mais de 650 comedouros em todo o mundo, monitoramos um grande n\u00famero de javalis, o que nos permite avaliar o potencial gen\u00e9tico em uma ampla variedade de ambientes. Nosso objetivo \u00e9 selecionar os animais com a melhor efici\u00eancia alimentar, independentemente do alimento e do contexto de cria\u00e7\u00e3o.  <\/p>\n\n\n\n<h4 class=\"wp-block-heading\">Um crit\u00e9rio inovador desenvolvido pela Axiom<\/h4>\n\n\n\n<p>Para atingir esse objetivo, selecionamos com base no ganho m\u00e9dio di\u00e1rio corrigido pelo consumo m\u00e9dio di\u00e1rio e pelo crescimento na engorda. Essa abordagem nos permite identificar os animais com o melhor \u00edndice de crescimento e consumo na fase de engorda. <\/p>\n\n\n\n<h4 class=\"wp-block-heading\">Novas inova\u00e7\u00f5es na cria\u00e7\u00e3o para efici\u00eancia alimentar<\/h4>\n\n\n\n<p>Em colabora\u00e7\u00e3o com o INRAE e o IFIP, estamos trabalhando na implementa\u00e7\u00e3o de um protocolo inovador de fenotipagem para efici\u00eancia digestiva em escala individual de su\u00ednos. Esse novo fen\u00f3tipo, coletado rotineiramente, aumentar\u00e1 a efic\u00e1cia da nossa sele\u00e7\u00e3o de IC e fornecer\u00e1 novas informa\u00e7\u00f5es sobre a capacidade digestiva dos animais de aproveitar ao m\u00e1ximo os diferentes tipos de ra\u00e7\u00e3o. Ao mesmo tempo, tamb\u00e9m estamos desenvolvendo a coleta de biomarcadores sangu\u00edneos para identificar animais com maior potencial de efici\u00eancia alimentar em um est\u00e1gio inicial. Essas inova\u00e7\u00f5es nos permitir\u00e3o acelerar o progresso gen\u00e9tico dos varr\u00f5es Valens em termos de efici\u00eancia alimentar e resili\u00eancia.   <\/p>\n\n\n\n<h4 class=\"wp-block-heading\">Robustez no centro de nossa estrat\u00e9gia de sele\u00e7\u00e3o<\/h4>\n\n\n\n<p>A AXIOM tamb\u00e9m est\u00e1 trabalhando na integra\u00e7\u00e3o de crit\u00e9rios de sele\u00e7\u00e3o associados \u00e0 robustez, a fim de selecionar su\u00ednos cada vez mais robustos e resistentes. Ao mesmo tempo, estamos prestando aten\u00e7\u00e3o especial \u00e0 vitalidade dos leit\u00f5es ao nascer, um crit\u00e9rio integrado ao nosso objetivo de sele\u00e7\u00e3o. <\/p>\n\n\n\n<div style=\"height:50px\" aria-hidden=\"true\" class=\"wp-block-spacer\"><\/div>\n\n\n\n<figure class=\"wp-block-image size-full\"><img loading=\"lazy\" decoding=\"async\" width=\"2000\" height=\"1333\" src=\"https:\/\/www.axiom-genetics.com\/wp-content\/uploads\/2025\/09\/DSCF4770_3_11zon-min-e1758023306499.webp\" alt=\"\" class=\"wp-image-6537\"\/><\/figure>\n\n\n\n<div style=\"height:80px\" aria-hidden=\"true\" class=\"wp-block-spacer\"><\/div>\n<\/div>\n\n<div class=\"wp-block-group is-layout-constrained wp-block-group-is-layout-constrained\">\n<h2 class=\"wp-block-heading has-text-color has-link-color wp-elements-66e1c5cd466d17f02105ce4dd45e764b\" style=\"color:#1a2140\"><strong>Desempenho e desenvolvimentos<\/strong><\/h2>\n\n\n\n<h3 class=\"wp-block-heading\">Qual \u00e9 o progresso gen\u00e9tico em termos de crescimento e CI para a Valens?  <\/h3>\n\n\n\n<p>As tend\u00eancias gen\u00e9ticas destacam o progresso feito nos \u00faltimos quatro anos em termos de efici\u00eancia alimentar (IC) e crescimento <sub>(GMQCMJ<\/sub>), com uma acelera\u00e7\u00e3o no \u00faltimo ano.  <\/p>\n\n\n\n<p>O ganho gen\u00e9tico de um desvio padr\u00e3o em 4 anos para cada um dos crit\u00e9rios ilustra a estrat\u00e9gia de sele\u00e7\u00e3o ambiciosa e equilibrada do Grupo AXIOM para sua linha Valens.<\/p>\n\n\n\n<div style=\"height:50px\" aria-hidden=\"true\" class=\"wp-block-spacer\"><\/div>\n\n\n\n<figure class=\"wp-block-image size-full\"><img loading=\"lazy\" decoding=\"async\" width=\"840\" height=\"505\" src=\"https:\/\/www.axiom-genetics.com\/wp-content\/uploads\/2025\/09\/Evolution-de-lic-et-du-gmqcmj-sur-4-ans_11zon.webp\" alt=\"Gr&#xE1;fico mostrando as altera&#xE7;&#xF5;es no CI e GMQcmd da Valens ao longo de 4 anos\" class=\"wp-image-6591\"\/><figcaption class=\"wp-element-caption\">Gr\u00e1fico mostrando as altera\u00e7\u00f5es no CI e GMQcmd da Valens ao longo de 4 anos<\/figcaption><\/figure>\n\n\n\n<div style=\"height:60px\" aria-hidden=\"true\" class=\"wp-block-spacer\"><\/div>\n\n\n\n<h3 class=\"wp-block-heading\">Desempenho em campo  <\/h3>\n\n\n\n<div style=\"height:20px\" aria-hidden=\"true\" class=\"wp-block-spacer\"><\/div>\n\n\n\n<h4 class=\"wp-block-heading\">Concentre-se nos 5 principais javalis ativos no momento<\/h4>\n\n\n\n<figure class=\"wp-block-table is-style-stripes has-small-font-size\"><table><thead><tr><th>Crit\u00e9rios<\/th><th class=\"has-text-align-center\" data-align=\"center\">Os 5 melhores javalis<\/th><\/tr><\/thead><tbody><tr><td>GMQ (g)<\/td><td class=\"has-text-align-center\" data-align=\"center\">1 230<\/td><\/tr><tr><td>Banha de porco a 100 kg (mm)<\/td><td class=\"has-text-align-center\" data-align=\"center\">5,5<\/td><\/tr><tr><td>M\u00fasculo com 100 kg (mm)<\/td><td class=\"has-text-align-center\" data-align=\"center\">74,6<\/td><\/tr><tr><td>IC<\/td><td class=\"has-text-align-center\" data-align=\"center\">1,96<\/td><\/tr><\/tbody><\/table><figcaption class=\"wp-element-caption\">Javalis com alto potencial de crescimento, taxa de convers\u00e3o alimentar, carca\u00e7a e rendimento!<\/figcaption><\/figure>\n\n\n\n<div style=\"height:50px\" aria-hidden=\"true\" class=\"wp-block-spacer\"><\/div>\n\n\n\n<h4 class=\"wp-block-heading\">Resumo dos resultados do abate em 2024<\/h4>\n\n\n\n<div style=\"height:20px\" aria-hidden=\"true\" class=\"wp-block-spacer\"><\/div>\n\n\n\n<figure class=\"wp-block-table is-style-stripes has-small-font-size\"><table><thead><tr><th>Crit\u00e9rios<\/th><th class=\"has-text-align-center\" data-align=\"center\">Machos castrados<\/th><th class=\"has-text-align-center\" data-align=\"center\">Machos inteiros<\/th><\/tr><\/thead><tbody><tr><td>Pesos quentes (kg)<\/td><td class=\"has-text-align-center\" data-align=\"center\">96,0<\/td><td class=\"has-text-align-center\" data-align=\"center\">95,2<\/td><\/tr><tr><td>TMP<\/td><td class=\"has-text-align-center\" data-align=\"center\">61,5<\/td><td class=\"has-text-align-center\" data-align=\"center\">62,3<\/td><\/tr><tr><td>Banha de porco a 100 kg (mm)<\/td><td class=\"has-text-align-center\" data-align=\"center\">13,1<\/td><td class=\"has-text-align-center\" data-align=\"center\">11,7<\/td><\/tr><tr><td>M\u00fasculo com 100 kg (mm)<\/td><td class=\"has-text-align-center\" data-align=\"center\">78,6<\/td><td class=\"has-text-align-center\" data-align=\"center\">77,1<\/td><\/tr><tr><td>Faixa de valor agregado<\/td><td class=\"has-text-align-center\" data-align=\"center\">16,5<\/td><td class=\"has-text-align-center\" data-align=\"center\">17,3<\/td><\/tr><\/tbody><\/table><figcaption class=\"wp-element-caption\">Qualidade e rendimento de carca\u00e7a garantidos! &#8211; Dados arredondados para o ter\u00e7o mais pr\u00f3ximo <\/figcaption><\/figure>\n<\/div>\n\n<div style=\"height:80px\" aria-hidden=\"true\" class=\"wp-block-spacer\"><\/div>\n\n<div class=\"wp-block-group is-layout-constrained wp-block-group-is-layout-constrained\">\n<h2 class=\"wp-block-heading has-text-color has-link-color wp-elements-6265ec73145251da3239363bd79523c5\" style=\"color:#1a2140\"><strong>Testemunhos<\/strong><\/h2>\n\n\n\n<div class=\"wp-block-group is-layout-constrained wp-block-group-is-layout-constrained\">\n<h3 class=\"wp-block-heading\">FERME DE KER ANGEL &#8211; FRAN\u00c7A<\/h3>\n\n\n\n<div style=\"height:20px\" aria-hidden=\"true\" class=\"wp-block-spacer\"><\/div>\n\n\n\n<div class=\"wp-block-media-text is-stacked-on-mobile is-image-fill-element\"><figure class=\"wp-block-media-text__media\"><img loading=\"lazy\" decoding=\"async\" width=\"1297\" height=\"1763\" src=\"https:\/\/www.axiom-genetics.com\/wp-content\/uploads\/2025\/09\/20250325_181508_1_11zon-min-e1758023984740.webp\" alt=\"\" class=\"wp-image-6525 size-full\" style=\"object-position:50% 50%\"\/><\/figure><div class=\"wp-block-media-text__content\">\n<div style=\"height:10px\" aria-hidden=\"true\" class=\"wp-block-spacer\"><\/div>\n\n\n\n<p>Weaner &#8211; Feeder<br\/>Genetics Ad\u00e9nia X Valens<br\/>300 porcas presentes<br\/>35,5 leit\u00f5es desmamados \/ porca \/ ano<br\/>Management 4 bands of 70, weaning 28 days<\/p>\n<\/div><\/div>\n\n\n\n<div class=\"wp-block-group is-layout-constrained wp-block-group-is-layout-constrained\">\n<div style=\"height:20px\" aria-hidden=\"true\" class=\"wp-block-spacer\"><\/div>\n\n\n\n<h4 class=\"wp-block-heading\"><strong>Caracter\u00edsticas espec\u00edficas da cria\u00e7\u00e3o de gado<\/strong><\/h4>\n\n\n\n<div class=\"wp-block-group is-layout-grid wp-container-core-group-is-layout-9649a0d9 wp-block-group-is-layout-grid\">\n<p class=\"has-text-align-center has-white-color has-text-color has-background has-link-color wp-elements-976472fcd6efd5dec47515e915aa83ec wp-container-content-d8344436\" style=\"background-color:#1a2140\">Maternidade em caixas de liberdade<\/p>\n\n\n\n<p class=\"has-text-align-center has-white-color has-text-color has-background has-link-color wp-elements-8f19c221ceb10d4c9c4890347b5dc302 wp-container-content-d8344436\" style=\"background-color:#1a2140\">Engorda na palha<\/p>\n\n\n\n<p class=\"has-text-align-center has-white-color has-text-color has-background has-link-color wp-elements-922a89507b79a8fdea70e2bdfd3b6f7f wp-container-content-d8344436\" style=\"background-color:#1a2140\">Machos inteiros<\/p>\n\n\n\n<p class=\"has-text-align-center has-white-color has-text-color has-background has-link-color wp-elements-272d3b279f14277ba5052740af046df0 wp-container-content-d8344436\" style=\"background-color:#1a2140\">Caudas longas<\/p>\n\n\n\n<p class=\"has-text-align-center has-white-color has-text-color has-background has-link-color wp-elements-d88a4116114541ef9dacb770a9434b3a wp-container-content-d8344436\" style=\"background-color:#1a2140\">Criado sem antibi\u00f3ticos<\/p>\n\n\n\n<p class=\"has-text-align-center has-white-color has-text-color has-background has-link-color wp-elements-2eedbda1c9f8a856ce35b1074c3c41a9 wp-container-content-d8344436\" style=\"background-color:#1a2140\">Alimentos Ad Libitum<\/p>\n<\/div>\n\n\n\n<div style=\"height:70px\" aria-hidden=\"true\" class=\"wp-block-spacer\"><\/div>\n<\/div>\n\n\n\n<div class=\"wp-block-group is-layout-constrained wp-block-group-is-layout-constrained\">\n<h4 class=\"wp-block-heading\"><strong>Entrevista com Benjamin Lefeuvre e Laurent Dartois<\/strong><\/h4>\n\n\n\n<div style=\"height:20px\" aria-hidden=\"true\" class=\"wp-block-spacer\"><\/div>\n\n\n\n<p>&#8220;Estamos muito felizes com o macho da Valens. Na unidade de maternidade, desmamamos boas ninhadas com leit\u00f5es de qualidade que come\u00e7am muito bem no p\u00f3s-desmame: <strong>555 g de GMQ no p\u00f3s-desmame, em m\u00e9dia, em um ano, para 14,5 leit\u00f5es desmamados por ninhada, com um peso m\u00e9dio de 7,6 kg!<\/strong> <\/p>\n\n\n\n<p><br\/>Para a engorda, alimentamos ad libitum e usamos palha. Os filhotes da Valens t\u00eam um bom consumo de ra\u00e7\u00e3o e fazem um \u00f3timo uso da ra\u00e7\u00e3o. Seu crescimento e a taxa de convers\u00e3o alimentar s\u00e3o excelentes e eles t\u00eam um bom TMP.    <strong>Produzimos lotes com um GMQ de mais de 1.000 g e um IC de 2,4.<\/strong> <\/p>\n\n\n\n<p>Por fim, a descend\u00eancia da Valens \u00e9 hiper-homog\u00eanea, o que \u00e9 impressionante. O Valens tamb\u00e9m \u00e9 um javali que se d\u00e1 muito bem com machos inteiros. Apesar da engorda com palha, que \u00e9 um fator de risco, <strong>temos 99,8% de machos sem odor.<\/strong>   <\/p>\n\n\n\n<div style=\"height:50px\" aria-hidden=\"true\" class=\"wp-block-spacer\"><\/div>\n<\/div>\n\n\n\n<div class=\"wp-block-group is-layout-constrained wp-block-group-is-layout-constrained\">\n<figure class=\"wp-block-image size-full is-style-default\"><img loading=\"lazy\" decoding=\"async\" width=\"1500\" height=\"1125\" src=\"https:\/\/www.axiom-genetics.com\/wp-content\/uploads\/2025\/09\/20250325_180207_13_11zon-min-e1758023274582.webp\" alt=\"\" class=\"wp-image-6519\" style=\"aspect-ratio:16\/9;object-fit:cover\"\/><\/figure>\n\n\n\n<div style=\"height:50px\" aria-hidden=\"true\" class=\"wp-block-spacer\"><\/div>\n\n\n\n<h4 class=\"wp-block-heading\"><strong>O casal Ad\u00eania X Valens, performances<\/strong><\/h4>\n\n\n\n<div style=\"height:20px\" aria-hidden=\"true\" class=\"wp-block-spacer\"><\/div>\n\n\n\n<figure class=\"wp-block-table is-style-stripes has-small-font-size\"><table><thead><tr><th>Crit\u00e9rios<\/th><th class=\"has-text-align-center\" data-align=\"center\">Dados<\/th><\/tr><\/thead><tbody><tr><td>N\u00famero de su\u00ednos<\/td><td class=\"has-text-align-center\" data-align=\"center\">2 067<\/td><\/tr><tr><td>Peso (entrada, kg)<\/td><td class=\"has-text-align-center\" data-align=\"center\">33,3<\/td><\/tr><tr><td>Peso (sa\u00edda, kg)<\/td><td class=\"has-text-align-center\" data-align=\"center\">126,7<\/td><\/tr><tr><td>Taxa de perda de engorda (%)<\/td><td class=\"has-text-align-center\" data-align=\"center\">2,0<\/td><\/tr><tr><td>N\u00famero de dias (dias)<\/td><td class=\"has-text-align-center\" data-align=\"center\">91<\/td><\/tr><tr><td>T\u00e9cnico GMQ 30-115 (g\/d)<\/td><td class=\"has-text-align-center\" data-align=\"center\">1 030<\/td><\/tr><tr><td>T\u00e9cnico CI 30-445 (kg\/kg)<\/td><td class=\"has-text-align-center\" data-align=\"center\">2,40*<\/td><\/tr><tr><td>TMP<\/td><td class=\"has-text-align-center\" data-align=\"center\">60,3<\/td><\/tr><\/tbody><\/table><figcaption class=\"wp-element-caption\">Resumo dos resultados de reprodu\u00e7\u00e3o, <br\/>*A engorda na palha reduz o \u00edndice em cerca de 0,25. Portanto, podemos estimar o \u00edndice 30-115 em 2,15 se os porcos forem engordados em pisos de ripas. <\/figcaption><\/figure>\n\n\n\n<div style=\"height:80px\" aria-hidden=\"true\" class=\"wp-block-spacer\"><\/div>\n<\/div>\n<\/div>\n\n\n\n<div class=\"wp-block-group is-layout-constrained wp-block-group-is-layout-constrained\">\n<h3 class=\"wp-block-heading\">CIA SPERMATICA &#8211; ESPANHA<\/h3>\n\n\n\n<div style=\"height:20px\" aria-hidden=\"true\" class=\"wp-block-spacer\"><\/div>\n\n\n\n<div class=\"wp-block-media-text is-stacked-on-mobile is-image-fill-element\"><figure class=\"wp-block-media-text__media\"><img loading=\"lazy\" decoding=\"async\" width=\"1500\" height=\"2000\" src=\"https:\/\/www.axiom-genetics.com\/wp-content\/uploads\/2025\/09\/WhatsApp-Image-2024-10-24-at-09.42.34_9_11zon-min-e1758023361342.webp\" alt=\"\" class=\"wp-image-6573 size-full\" style=\"object-position:50% 86%\"\/><\/figure><div class=\"wp-block-media-text__content\">\n<p>CIA Spermatica<br\/>170 javalis <br\/>130 Valens<\/p>\n<\/div><\/div>\n\n\n\n<div style=\"height:50px\" aria-hidden=\"true\" class=\"wp-block-spacer\"><\/div>\n\n\n\n<figure class=\"wp-block-image size-full is-resized\"><img loading=\"lazy\" decoding=\"async\" width=\"1599\" height=\"682\" src=\"https:\/\/www.axiom-genetics.com\/wp-content\/uploads\/2025\/09\/3_4_11zon-min-e1758025942714.webp\" alt=\"\" class=\"wp-image-6609\" style=\"aspect-ratio:16\/9;object-fit:cover;width:auto;height:600px\"\/><\/figure>\n\n\n\n<div class=\"wp-block-group is-layout-constrained wp-block-group-is-layout-constrained\">\n<div style=\"height:60px\" aria-hidden=\"true\" class=\"wp-block-spacer\"><\/div>\n<\/div>\n\n\n\n<div class=\"wp-block-group is-layout-constrained wp-block-group-is-layout-constrained\">\n<h4 class=\"wp-block-heading\"><strong>Depoimento de Joan Sans, gerente<\/strong><\/h4>\n\n\n\n<div style=\"height:20px\" aria-hidden=\"true\" class=\"wp-block-spacer\"><\/div>\n\n\n\n<h5 class=\"wp-block-heading\">Quais s\u00e3o os pontos fortes dos javalis Valens para os produtores espanh\u00f3is?  <\/h5>\n\n\n\n<p>&#8220;O primeiro ponto forte da Valens \u00e9 o seu crescimento.  <strong>Alguns produtores espanh\u00f3is est\u00e3o ganhando de 18 a 22 dias de idade no abate, mantendo o peso da carca\u00e7a.  <\/strong>Na Espanha, os locais de engorda integrados s\u00e3o muito caros, portanto, essa \u00e9 uma grande vantagem.<\/p>\n\n\n\n<p><br\/>O segundo ponto forte \u00e9 sua capacidade de consumo de ra\u00e7\u00e3o muito alta. Os ver\u00f5es na Espanha s\u00e3o muito quentes, principalmente no sul, e a prole da Valens \u00e9 menos afetada devido ao <strong>seu alto consumo de ra\u00e7\u00e3o<\/strong>.<br\/>Por fim, a robustez \u00e9 o terceiro ponto forte da Valens, principalmente na engorda. <strong>A porcentagem de perdas na engorda \u00e9 muito baixa.<\/strong> Temos clientes com taxas de perda de 2,5%, em compara\u00e7\u00e3o com 5% de outros javalis no mercado. <\/p>\n\n\n\n<h5 class=\"wp-block-heading\">O que os matadores espanh\u00f3is pensam de Valens?<\/h5>\n\n\n\n<p>&#8220;Na Espanha, os abatedores realmente apreciam os su\u00ednos da Valens porque eles s\u00e3o muito homog\u00eaneos. As carca\u00e7as s\u00e3o mais longas e os pesos do presunto e da paleta tamb\u00e9m s\u00e3o maiores.<\/p>\n\n\n\n<div style=\"height:50px\" aria-hidden=\"true\" class=\"wp-block-spacer\"><\/div>\n<\/div>\n\n\n\n<div class=\"wp-block-group is-layout-constrained wp-block-group-is-layout-constrained\">\n<figure class=\"wp-block-image size-full is-style-default\"><img loading=\"lazy\" decoding=\"async\" width=\"1600\" height=\"1200\" src=\"https:\/\/www.axiom-genetics.com\/wp-content\/uploads\/2025\/09\/1_5_11zon-min.webp\" alt=\"\" class=\"wp-image-6597\" style=\"aspect-ratio:16\/9;object-fit:cover\"\/><\/figure>\n<\/div>\n\n\n\n<div style=\"height:90px\" aria-hidden=\"true\" class=\"wp-block-spacer\"><\/div>\n<\/div>\n\n\n\n<div class=\"wp-block-group is-layout-constrained wp-block-group-is-layout-constrained\">\n<h3 class=\"wp-block-heading\">W. BANKERS AGRO B.V. &#8211; PA\u00cdSES BAIXOS<\/h3>\n\n\n\n<div style=\"height:20px\" aria-hidden=\"true\" class=\"wp-block-spacer\"><\/div>\n\n\n\n<div class=\"wp-block-media-text is-stacked-on-mobile is-image-fill-element\"><figure class=\"wp-block-media-text__media\"><img loading=\"lazy\" decoding=\"async\" width=\"480\" height=\"640\" src=\"https:\/\/www.axiom-genetics.com\/wp-content\/uploads\/2025\/09\/IMG_2696_7_11zon-min.webp\" alt=\"\" class=\"wp-image-6561 size-full\" style=\"object-position:53% 44%\"\/><\/figure><div class=\"wp-block-media-text__content\">\n<p>Farrower<br\/>P\u00f3s-desmame de at\u00e9 22 kg, desmame em 25 dias<br\/>1.500 porcas<br\/>38 leit\u00f5es desmamados \/ porca \/ ano<br\/>Gen\u00e9tica: Ad\u00e9nia x Valens<br\/>Alimenta\u00e7\u00e3o a seco<\/p>\n<\/div><\/div>\n\n\n\n<div class=\"wp-block-group is-layout-constrained wp-block-group-is-layout-constrained\">\n<div style=\"height:50px\" aria-hidden=\"true\" class=\"wp-block-spacer\"><\/div>\n<\/div>\n\n\n\n<div class=\"wp-block-group is-layout-constrained wp-block-group-is-layout-constrained\">\n<h4 class=\"wp-block-heading\"><strong>Depoimento de Wilfred Bankers<\/strong><\/h4>\n\n\n\n<div style=\"height:20px\" aria-hidden=\"true\" class=\"wp-block-spacer\"><\/div>\n\n\n\n<blockquote class=\"wp-block-quote is-layout-flow wp-block-quote-is-layout-flow\">\n<p>&#8220;Com a Valens, tenho leit\u00f5es homog\u00eaneos desde o nascimento, meu trabalho na maternidade \u00e9 simplificado e temos mais tranquilidade quando se trata de crescimento no in\u00edcio do p\u00f3s-desmame.<\/p>\n<\/blockquote>\n\n\n\n<h5 class=\"wp-block-heading\">Por que a Valens?  <\/h5>\n\n\n\n<p>&#8220;Eu estava procurando um javali completo que melhorasse a qualidade dos leit\u00f5es desde o nascimento at\u00e9 a venda. Queremos leit\u00f5es mais homog\u00eaneos para facilitar o gerenciamento de lotes e melhorar a qualidade geral da nossa produ\u00e7\u00e3o.&#8221;<\/p>\n\n\n\n<p><\/p>\n\n\n\n<h5 class=\"wp-block-heading\">Que mudan\u00e7as voc\u00ea notou? Voc\u00ea notou alguma melhora nos leit\u00f5es no nascimento ou no p\u00f3s-desmame? <\/h5>\n\n\n\n<p>&#8220;Logo no primeiro lote, observamos <strong>uma clara melhora: -10% de natimortos e -70% de h\u00e9rnias.<\/strong> A uniformidade p\u00f3s-desmame \u00e9 constante, com <strong>um intervalo de menos de 7 dias<\/strong> entre o primeiro e o \u00faltimo leit\u00e3o retirado por lote. Tamb\u00e9m observamos <strong>um aumento na taxa de crescimento, para +40g por dia.<\/strong>  <\/p>\n\n\n\n<p><\/p>\n\n\n\n<h5 class=\"wp-block-heading\">Como isso melhorou seu trabalho di\u00e1rio?<\/h5>\n\n\n\n<p>&#8220;O trabalho de maternidade \u00e9 facilitado. Os leit\u00f5es v\u00e3o rapidamente para os \u00faberes assim que nascem, ent\u00e3o h\u00e1 uma diferen\u00e7a real em termos de vigor. <strong>Menos cuidados na unidade de maternidade, menos natimortos, praticamente nenhuma busca, mais paz e tranquilidade.<\/strong> Os leit\u00f5es s\u00e3o aut\u00f4nomos, o que libera nosso tempo para nos concentrarmos em outras tarefas e facilita o trabalho dos meus funcion\u00e1rios. <\/p>\n\n\n\n<p><\/p>\n\n\n\n<h5 class=\"wp-block-heading\">Voc\u00ea tem algum feedback de outros usu\u00e1rios da Valens na Holanda?  <\/h5>\n\n\n\n<p>&#8220;Os primeiros retornos do mercado holand\u00eas est\u00e3o de acordo com as promessas feitas. A Valens garante crescimento r\u00e1pido, descend\u00eancia homog\u00eanea e custos reduzidos de alimenta\u00e7\u00e3o por quilo de crescimento. O r\u00e1pido ganho de peso no p\u00f3s-desmame e a robustez da prole fazem do javali Valens <strong>a solu\u00e7\u00e3o ideal para os criadores holandeses, bem como para os criadores voltados para a exporta\u00e7\u00e3o para mercados exigentes como a Espanha e a Alemanha.<\/strong>   <\/p>\n<\/div>\n\n\n\n<div style=\"height:70px\" aria-hidden=\"true\" class=\"wp-block-spacer\"><\/div>\n<\/div>\n\n\n\n<div class=\"wp-block-group is-layout-constrained wp-block-group-is-layout-constrained\">\n<h3 class=\"wp-block-heading\">CIA AXIOM POLSKA<\/h3>\n\n\n\n<div style=\"height:20px\" aria-hidden=\"true\" class=\"wp-block-spacer\"><\/div>\n\n\n\n<figure class=\"wp-block-gallery has-nested-images columns-default is-cropped wp-block-gallery-1 is-layout-flex wp-block-gallery-is-layout-flex\">\n<figure class=\"wp-block-image size-large\"><img loading=\"lazy\" decoding=\"async\" width=\"1200\" height=\"1803\" data-id=\"6567\" src=\"https:\/\/www.axiom-genetics.com\/wp-content\/uploads\/2025\/09\/Stan_8_11zon-min-e1758023344546.webp\" alt=\"\" class=\"wp-image-6567\"\/><\/figure>\n\n\n\n<figure class=\"wp-block-image size-large\"><img loading=\"lazy\" decoding=\"async\" width=\"1500\" height=\"998\" data-id=\"6501\" src=\"https:\/\/www.axiom-genetics.com\/wp-content\/uploads\/2025\/09\/DSC7727_10_11zon-min-e1758023237745.webp\" alt=\"\" class=\"wp-image-6501\"\/><\/figure>\n\n\n\n<figure class=\"wp-block-image size-large\"><img loading=\"lazy\" decoding=\"async\" width=\"1501\" height=\"1313\" data-id=\"6543\" src=\"https:\/\/www.axiom-genetics.com\/wp-content\/uploads\/2025\/09\/GOPR1034_4_11zon-min-e1758023319493.webp\" alt=\"\" class=\"wp-image-6543\"\/><\/figure>\n<\/figure>\n\n\n\n<div class=\"wp-block-group is-layout-constrained wp-block-group-is-layout-constrained\">\n<div style=\"height:50px\" aria-hidden=\"true\" class=\"wp-block-spacer\"><\/div>\n<\/div>\n\n\n\n<div class=\"wp-block-group is-layout-constrained wp-block-group-is-layout-constrained\">\n<h4 class=\"wp-block-heading\"><strong>Depoimento de Stanislaw Niemyjski<\/strong><\/h4>\n\n\n\n<div style=\"height:20px\" aria-hidden=\"true\" class=\"wp-block-spacer\"><\/div>\n\n\n\n<blockquote class=\"wp-block-quote is-layout-flow wp-block-quote-is-layout-flow\">\n<p>&#8220;O Valens \u00e9 uma resposta \u00e0 crescente demanda do mercado e oferece uma alternativa ideal aos javalis Duroc.<\/p>\n<\/blockquote>\n\n\n\n<h5 class=\"wp-block-heading\">Qual \u00e9 a relev\u00e2ncia do javali Valens para o mercado polon\u00eas?<\/h5>\n\n\n\n<p>&#8220;Dada a atual polariza\u00e7\u00e3o do mercado, estamos muito satisfeitos em oferecer o javali Valens no mercado polon\u00eas, um javali terminal que chegou recentemente ao nosso centro de insemina\u00e7\u00e3o e oferece<strong> uma alternativa ideal para atender \u00e0s necessidades de mudan\u00e7a do mercado.<\/strong><\/p>\n\n\n\n<p><br\/>Suas caracter\u00edsticas distintas, incluindo <strong>uma alta porcentagem de m\u00fasculo, crescimento forte e excelente convers\u00e3o alimentar<\/strong>, fazem desse javali a escolha ideal para criadores que buscam maximizar o desempenho. A baixa taxa de perda na engorda tamb\u00e9m representa uma vantagem econ\u00f4mica significativa, que se traduz em <strong>custos de produ\u00e7\u00e3o mais baixos e maior lucratividade<\/strong>. <\/p>\n\n\n\n<p><br\/>Por fim, o temperamento calmo e o fen\u00f3tipo do Valens, caracterizado pelo <strong>comprimento impressionante do lombo, pernas fortes, presuntos bem desenvolvidos e propor\u00e7\u00f5es ideais de cortes prim\u00e1rios<\/strong>, fazem dele a escolha ideal para criadores que buscam porcos de a\u00e7ougue eficientes com qualidade superior de carca\u00e7a. Esse \u00e9 um novo produto de qualidade no mercado polon\u00eas. <\/p>\n\n\n\n<div style=\"height:80px\" aria-hidden=\"true\" class=\"wp-block-spacer\"><\/div>\n<\/div>\n\n\n\n<div class=\"wp-block-group is-layout-constrained wp-block-group-is-layout-constrained\">\n<figure class=\"wp-block-image size-full is-style-default\"><img loading=\"lazy\" decoding=\"async\" width=\"1500\" height=\"844\" src=\"https:\/\/www.axiom-genetics.com\/wp-content\/uploads\/2025\/09\/Centrum-Pozyskiwania-Nasienia-Prezentacja_2_11zon-min-e1758023296233.webp\" alt=\"\" class=\"wp-image-6531\" style=\"aspect-ratio:16\/9;object-fit:cover\"\/><\/figure>\n<\/div>\n<\/div>\n<\/div>\n","protected":false},"excerpt":{"rendered":"<p>Lan\u00e7ado em 2020 e j\u00e1 alcan\u00e7ando uma participa\u00e7\u00e3o de mercado de 10%, redescubra a Valens com seus resultados e desempenho, apresenta\u00e7\u00f5es de especialistas e depoimentos de produtores e parceiros em toda a Europa!  <\/p>\n","protected":false},"featured_media":339,"template":"","meta":{"_acf_changed":false,"_et_pb_use_builder":"","_et_pb_old_content":"","_et_gb_content_width":""},"class_list":["post-7014","zoom","type-zoom","status-publish","has-post-thumbnail","hentry"],"acf":[],"yoast_head":"<!-- This site is optimized with the Yoast SEO plugin v27.4 - https:\/\/yoast.com\/product\/yoast-seo-wordpress\/ -->\n<title>[Zoom 15] Turn\u00ea europeia com os Valens: resultados e depoimentos<\/title>\n<meta name=\"description\" content=\"Valens sob o microsc\u00f3pio, com resultados, performances, palestras de especialistas e depoimentos de produtores e parceiros de toda a Europa!\" \/>\n<meta name=\"robots\" content=\"index, follow, max-snippet:-1, max-image-preview:large, max-video-preview:-1\" \/>\n<link rel=\"canonical\" href=\"https:\/\/www.axiom-genetics.com\/pt-br\/zoom\/zoom-15-turne-europeia-de-resultados-e-depoimentos-com-o-javali-da-valens\/\" \/>\n<meta property=\"og:locale\" content=\"pt_BR\" \/>\n<meta property=\"og:type\" content=\"article\" \/>\n<meta property=\"og:title\" content=\"[Zoom 15] Turn\u00ea europeia com os Valens: resultados e depoimentos\" \/>\n<meta property=\"og:description\" content=\"Valens sob o microsc\u00f3pio, com resultados, performances, palestras de especialistas e depoimentos de produtores e parceiros de toda a Europa!\" \/>\n<meta property=\"og:url\" content=\"https:\/\/www.axiom-genetics.com\/pt-br\/zoom\/zoom-15-turne-europeia-de-resultados-e-depoimentos-com-o-javali-da-valens\/\" \/>\n<meta property=\"og:site_name\" content=\"Axiom\" \/>\n<meta property=\"article:publisher\" content=\"https:\/\/www.facebook.com\/p\/Axiom-France-100064379400783\/\" \/>\n<meta property=\"article:modified_time\" content=\"2026-01-20T08:32:21+00:00\" \/>\n<meta property=\"og:image\" content=\"https:\/\/www.axiom-genetics.com\/wp-content\/uploads\/2025\/07\/Zoom_25_03_RESULTATS_VALENS.webp\" \/>\n\t<meta property=\"og:image:width\" content=\"400\" \/>\n\t<meta property=\"og:image:height\" content=\"566\" \/>\n\t<meta property=\"og:image:type\" content=\"image\/webp\" \/>\n<meta name=\"twitter:card\" content=\"summary_large_image\" \/>\n<meta name=\"twitter:label1\" content=\"Est. tempo de leitura\" \/>\n\t<meta name=\"twitter:data1\" content=\"9 minutos\" \/>\n<script type=\"application\/ld+json\" class=\"yoast-schema-graph\">{\"@context\":\"https:\\\/\\\/schema.org\",\"@graph\":[{\"@type\":\"WebPage\",\"@id\":\"https:\\\/\\\/www.axiom-genetics.com\\\/pt-br\\\/zoom\\\/zoom-15-turne-europeia-de-resultados-e-depoimentos-com-o-javali-da-valens\\\/\",\"url\":\"https:\\\/\\\/www.axiom-genetics.com\\\/pt-br\\\/zoom\\\/zoom-15-turne-europeia-de-resultados-e-depoimentos-com-o-javali-da-valens\\\/\",\"name\":\"[Zoom 15] Turn\u00ea europeia com os Valens: resultados e depoimentos\",\"isPartOf\":{\"@id\":\"https:\\\/\\\/www.axiom-genetics.com\\\/pt-br\\\/#website\"},\"primaryImageOfPage\":{\"@id\":\"https:\\\/\\\/www.axiom-genetics.com\\\/pt-br\\\/zoom\\\/zoom-15-turne-europeia-de-resultados-e-depoimentos-com-o-javali-da-valens\\\/#primaryimage\"},\"image\":{\"@id\":\"https:\\\/\\\/www.axiom-genetics.com\\\/pt-br\\\/zoom\\\/zoom-15-turne-europeia-de-resultados-e-depoimentos-com-o-javali-da-valens\\\/#primaryimage\"},\"thumbnailUrl\":\"https:\\\/\\\/www.axiom-genetics.com\\\/wp-content\\\/uploads\\\/2025\\\/07\\\/Zoom_25_03_RESULTATS_VALENS.webp\",\"datePublished\":\"2026-01-20T08:32:20+00:00\",\"dateModified\":\"2026-01-20T08:32:21+00:00\",\"description\":\"Valens sob o microsc\u00f3pio, com resultados, performances, palestras de especialistas e depoimentos de produtores e parceiros de toda a Europa!\",\"breadcrumb\":{\"@id\":\"https:\\\/\\\/www.axiom-genetics.com\\\/pt-br\\\/zoom\\\/zoom-15-turne-europeia-de-resultados-e-depoimentos-com-o-javali-da-valens\\\/#breadcrumb\"},\"inLanguage\":\"pt-BR\",\"potentialAction\":[{\"@type\":\"ReadAction\",\"target\":[\"https:\\\/\\\/www.axiom-genetics.com\\\/pt-br\\\/zoom\\\/zoom-15-turne-europeia-de-resultados-e-depoimentos-com-o-javali-da-valens\\\/\"]}]},{\"@type\":\"ImageObject\",\"inLanguage\":\"pt-BR\",\"@id\":\"https:\\\/\\\/www.axiom-genetics.com\\\/pt-br\\\/zoom\\\/zoom-15-turne-europeia-de-resultados-e-depoimentos-com-o-javali-da-valens\\\/#primaryimage\",\"url\":\"https:\\\/\\\/www.axiom-genetics.com\\\/wp-content\\\/uploads\\\/2025\\\/07\\\/Zoom_25_03_RESULTATS_VALENS.webp\",\"contentUrl\":\"https:\\\/\\\/www.axiom-genetics.com\\\/wp-content\\\/uploads\\\/2025\\\/07\\\/Zoom_25_03_RESULTATS_VALENS.webp\",\"width\":400,\"height\":566},{\"@type\":\"BreadcrumbList\",\"@id\":\"https:\\\/\\\/www.axiom-genetics.com\\\/pt-br\\\/zoom\\\/zoom-15-turne-europeia-de-resultados-e-depoimentos-com-o-javali-da-valens\\\/#breadcrumb\",\"itemListElement\":[{\"@type\":\"ListItem\",\"position\":1,\"name\":\"Accueil\",\"item\":\"https:\\\/\\\/www.axiom-genetics.com\\\/pt-br\\\/\"},{\"@type\":\"ListItem\",\"position\":2,\"name\":\"[Zoom 15] Turn\u00ea europeia de resultados e depoimentos com o javali da Valens\"}]},{\"@type\":\"WebSite\",\"@id\":\"https:\\\/\\\/www.axiom-genetics.com\\\/pt-br\\\/#website\",\"url\":\"https:\\\/\\\/www.axiom-genetics.com\\\/pt-br\\\/\",\"name\":\"Axiom\",\"description\":\"G\u00e9n\u00e9tique porcine fran\u00e7aise\",\"publisher\":{\"@id\":\"https:\\\/\\\/www.axiom-genetics.com\\\/pt-br\\\/#organization\"},\"potentialAction\":[{\"@type\":\"SearchAction\",\"target\":{\"@type\":\"EntryPoint\",\"urlTemplate\":\"https:\\\/\\\/www.axiom-genetics.com\\\/pt-br\\\/?s={search_term_string}\"},\"query-input\":{\"@type\":\"PropertyValueSpecification\",\"valueRequired\":true,\"valueName\":\"search_term_string\"}}],\"inLanguage\":\"pt-BR\"},{\"@type\":\"Organization\",\"@id\":\"https:\\\/\\\/www.axiom-genetics.com\\\/pt-br\\\/#organization\",\"name\":\"Axiom\",\"url\":\"https:\\\/\\\/www.axiom-genetics.com\\\/pt-br\\\/\",\"logo\":{\"@type\":\"ImageObject\",\"inLanguage\":\"pt-BR\",\"@id\":\"https:\\\/\\\/www.axiom-genetics.com\\\/pt-br\\\/#\\\/schema\\\/logo\\\/image\\\/\",\"url\":\"https:\\\/\\\/www.axiom-genetics.com\\\/wp-content\\\/uploads\\\/2025\\\/11\\\/SB_CMJN.png\",\"contentUrl\":\"https:\\\/\\\/www.axiom-genetics.com\\\/wp-content\\\/uploads\\\/2025\\\/11\\\/SB_CMJN.png\",\"width\":5841,\"height\":2332,\"caption\":\"Axiom\"},\"image\":{\"@id\":\"https:\\\/\\\/www.axiom-genetics.com\\\/pt-br\\\/#\\\/schema\\\/logo\\\/image\\\/\"},\"sameAs\":[\"https:\\\/\\\/www.facebook.com\\\/p\\\/Axiom-France-100064379400783\\\/\",\"https:\\\/\\\/www.linkedin.com\\\/company\\\/18675597\",\"https:\\\/\\\/www.instagram.com\\\/axiomfrance\",\"https:\\\/\\\/www.youtube.com\\\/@Axiom-global\"]}]}<\/script>\n<!-- \/ Yoast SEO plugin. -->","yoast_head_json":{"title":"[Zoom 15] Turn\u00ea europeia com os Valens: resultados e depoimentos","description":"Valens sob o microsc\u00f3pio, com resultados, performances, palestras de especialistas e depoimentos de produtores e parceiros de toda a Europa!","robots":{"index":"index","follow":"follow","max-snippet":"max-snippet:-1","max-image-preview":"max-image-preview:large","max-video-preview":"max-video-preview:-1"},"canonical":"https:\/\/www.axiom-genetics.com\/pt-br\/zoom\/zoom-15-turne-europeia-de-resultados-e-depoimentos-com-o-javali-da-valens\/","og_locale":"pt_BR","og_type":"article","og_title":"[Zoom 15] Turn\u00ea europeia com os Valens: resultados e depoimentos","og_description":"Valens sob o microsc\u00f3pio, com resultados, performances, palestras de especialistas e depoimentos de produtores e parceiros de toda a Europa!","og_url":"https:\/\/www.axiom-genetics.com\/pt-br\/zoom\/zoom-15-turne-europeia-de-resultados-e-depoimentos-com-o-javali-da-valens\/","og_site_name":"Axiom","article_publisher":"https:\/\/www.facebook.com\/p\/Axiom-France-100064379400783\/","article_modified_time":"2026-01-20T08:32:21+00:00","og_image":[{"width":400,"height":566,"url":"https:\/\/www.axiom-genetics.com\/wp-content\/uploads\/2025\/07\/Zoom_25_03_RESULTATS_VALENS.webp","type":"image\/webp"}],"twitter_card":"summary_large_image","twitter_misc":{"Est. tempo de leitura":"9 minutos"},"schema":{"@context":"https:\/\/schema.org","@graph":[{"@type":"WebPage","@id":"https:\/\/www.axiom-genetics.com\/pt-br\/zoom\/zoom-15-turne-europeia-de-resultados-e-depoimentos-com-o-javali-da-valens\/","url":"https:\/\/www.axiom-genetics.com\/pt-br\/zoom\/zoom-15-turne-europeia-de-resultados-e-depoimentos-com-o-javali-da-valens\/","name":"[Zoom 15] Turn\u00ea europeia com os Valens: resultados e depoimentos","isPartOf":{"@id":"https:\/\/www.axiom-genetics.com\/pt-br\/#website"},"primaryImageOfPage":{"@id":"https:\/\/www.axiom-genetics.com\/pt-br\/zoom\/zoom-15-turne-europeia-de-resultados-e-depoimentos-com-o-javali-da-valens\/#primaryimage"},"image":{"@id":"https:\/\/www.axiom-genetics.com\/pt-br\/zoom\/zoom-15-turne-europeia-de-resultados-e-depoimentos-com-o-javali-da-valens\/#primaryimage"},"thumbnailUrl":"https:\/\/www.axiom-genetics.com\/wp-content\/uploads\/2025\/07\/Zoom_25_03_RESULTATS_VALENS.webp","datePublished":"2026-01-20T08:32:20+00:00","dateModified":"2026-01-20T08:32:21+00:00","description":"Valens sob o microsc\u00f3pio, com resultados, performances, palestras de especialistas e depoimentos de produtores e parceiros de toda a Europa!","breadcrumb":{"@id":"https:\/\/www.axiom-genetics.com\/pt-br\/zoom\/zoom-15-turne-europeia-de-resultados-e-depoimentos-com-o-javali-da-valens\/#breadcrumb"},"inLanguage":"pt-BR","potentialAction":[{"@type":"ReadAction","target":["https:\/\/www.axiom-genetics.com\/pt-br\/zoom\/zoom-15-turne-europeia-de-resultados-e-depoimentos-com-o-javali-da-valens\/"]}]},{"@type":"ImageObject","inLanguage":"pt-BR","@id":"https:\/\/www.axiom-genetics.com\/pt-br\/zoom\/zoom-15-turne-europeia-de-resultados-e-depoimentos-com-o-javali-da-valens\/#primaryimage","url":"https:\/\/www.axiom-genetics.com\/wp-content\/uploads\/2025\/07\/Zoom_25_03_RESULTATS_VALENS.webp","contentUrl":"https:\/\/www.axiom-genetics.com\/wp-content\/uploads\/2025\/07\/Zoom_25_03_RESULTATS_VALENS.webp","width":400,"height":566},{"@type":"BreadcrumbList","@id":"https:\/\/www.axiom-genetics.com\/pt-br\/zoom\/zoom-15-turne-europeia-de-resultados-e-depoimentos-com-o-javali-da-valens\/#breadcrumb","itemListElement":[{"@type":"ListItem","position":1,"name":"Accueil","item":"https:\/\/www.axiom-genetics.com\/pt-br\/"},{"@type":"ListItem","position":2,"name":"[Zoom 15] Turn\u00ea europeia de resultados e depoimentos com o javali da Valens"}]},{"@type":"WebSite","@id":"https:\/\/www.axiom-genetics.com\/pt-br\/#website","url":"https:\/\/www.axiom-genetics.com\/pt-br\/","name":"Axiom","description":"G\u00e9n\u00e9tique porcine fran\u00e7aise","publisher":{"@id":"https:\/\/www.axiom-genetics.com\/pt-br\/#organization"},"potentialAction":[{"@type":"SearchAction","target":{"@type":"EntryPoint","urlTemplate":"https:\/\/www.axiom-genetics.com\/pt-br\/?s={search_term_string}"},"query-input":{"@type":"PropertyValueSpecification","valueRequired":true,"valueName":"search_term_string"}}],"inLanguage":"pt-BR"},{"@type":"Organization","@id":"https:\/\/www.axiom-genetics.com\/pt-br\/#organization","name":"Axiom","url":"https:\/\/www.axiom-genetics.com\/pt-br\/","logo":{"@type":"ImageObject","inLanguage":"pt-BR","@id":"https:\/\/www.axiom-genetics.com\/pt-br\/#\/schema\/logo\/image\/","url":"https:\/\/www.axiom-genetics.com\/wp-content\/uploads\/2025\/11\/SB_CMJN.png","contentUrl":"https:\/\/www.axiom-genetics.com\/wp-content\/uploads\/2025\/11\/SB_CMJN.png","width":5841,"height":2332,"caption":"Axiom"},"image":{"@id":"https:\/\/www.axiom-genetics.com\/pt-br\/#\/schema\/logo\/image\/"},"sameAs":["https:\/\/www.facebook.com\/p\/Axiom-France-100064379400783\/","https:\/\/www.linkedin.com\/company\/18675597","https:\/\/www.instagram.com\/axiomfrance","https:\/\/www.youtube.com\/@Axiom-global"]}]}},"_links":{"self":[{"href":"https:\/\/www.axiom-genetics.com\/pt-br\/wp-json\/wp\/v2\/zoom\/7014","targetHints":{"allow":["GET"]}}],"collection":[{"href":"https:\/\/www.axiom-genetics.com\/pt-br\/wp-json\/wp\/v2\/zoom"}],"about":[{"href":"https:\/\/www.axiom-genetics.com\/pt-br\/wp-json\/wp\/v2\/types\/zoom"}],"wp:featuredmedia":[{"embeddable":true,"href":"https:\/\/www.axiom-genetics.com\/pt-br\/wp-json\/wp\/v2\/media\/339"}],"wp:attachment":[{"href":"https:\/\/www.axiom-genetics.com\/pt-br\/wp-json\/wp\/v2\/media?parent=7014"}],"curies":[{"name":"wp","href":"https:\/\/api.w.org\/{rel}","templated":true}]}}